{"id":8329,"date":"2024-03-18T08:59:33","date_gmt":"2024-03-18T08:59:33","guid":{"rendered":"https:\/\/studioeditori.com\/mdrus_new\/djelatnici\/"},"modified":"2024-11-28T11:41:59","modified_gmt":"2024-11-28T10:41:59","slug":"djelatnici","status":"publish","type":"page","link":"https:\/\/studioeditori.com\/mdrus_new\/djelatnici\/","title":{"rendered":"Djelatnici"},"content":{"rendered":"\t\t<div data-elementor-type=\"page\" data-elementor-id=\"8329\" class=\"elementor elementor-8329\" data-elementor-post-type=\"page\">\n\t\t\t\t<div class=\"elementor-element elementor-element-303a6306 e-flex e-con-boxed e-con e-parent\" data-id=\"303a6306\" data-element_type=\"container\" data-settings=\"{&quot;background_background&quot;:&quot;classic&quot;,&quot;jet_parallax_layout_list&quot;:[]}\">\n\t\t\t\t\t<div class=\"e-con-inner\">\n\t\t<div class=\"elementor-element elementor-element-2034e3b e-con-full e-flex e-con e-child\" data-id=\"2034e3b\" data-element_type=\"container\" data-settings=\"{&quot;jet_parallax_layout_list&quot;:[]}\">\n\t\t\t\t<\/div>\n\t\t\t\t\t<\/div>\n\t\t\t\t<\/div>\n\t\t<div class=\"elementor-element elementor-element-ef0778b e-flex e-con-boxed e-con e-parent\" data-id=\"ef0778b\" data-element_type=\"container\" data-settings=\"{&quot;background_background&quot;:&quot;classic&quot;,&quot;jet_parallax_layout_list&quot;:[]}\">\n\t\t\t\t\t<div class=\"e-con-inner\">\n\t\t<div class=\"elementor-element elementor-element-ca40720 e-con-full e-flex e-con e-child\" data-id=\"ca40720\" data-element_type=\"container\" data-settings=\"{&quot;jet_parallax_layout_list&quot;:[]}\">\n\t\t\t\t<div class=\"elementor-element elementor-element-f7e4528 elementor-widget elementor-widget-heading\" data-id=\"f7e4528\" data-element_type=\"widget\" data-widget_type=\"heading.default\">\n\t\t\t\t<div class=\"elementor-widget-container\">\n\t\t\t<p class=\"elementor-heading-title elementor-size-default\">Muzej Domovinskog rata u Splitu<\/p>\t\t<\/div>\n\t\t\t\t<\/div>\n\t\t\t\t<div class=\"elementor-element elementor-element-36c66a8 elementor-widget elementor-widget-heading\" data-id=\"36c66a8\" data-element_type=\"widget\" data-widget_type=\"heading.default\">\n\t\t\t\t<div class=\"elementor-widget-container\">\n\t\t\t<h3 class=\"elementor-heading-title elementor-size-default\">Muzej Domovinskog rata u Splitu te\u017ei biti temeljno mjesto za prou\u010davanje, o\u010duvanje i promicanje istine o Domovinskom ratu.<\/h3>\t\t<\/div>\n\t\t\t\t<\/div>\n\t\t\t\t<\/div>\n\t\t\t\t\t<\/div>\n\t\t\t\t<\/div>\n\t\t<div class=\"elementor-element elementor-element-6f0f829 e-flex e-con-boxed e-con e-parent\" data-id=\"6f0f829\" data-element_type=\"container\" data-settings=\"{&quot;background_background&quot;:&quot;classic&quot;,&quot;jet_parallax_layout_list&quot;:[]}\">\n\t\t\t\t\t<div class=\"e-con-inner\">\n\t\t<div class=\"elementor-element elementor-element-0ec4ed5 e-con-full e-flex e-con e-child\" data-id=\"0ec4ed5\" data-element_type=\"container\" data-settings=\"{&quot;jet_parallax_layout_list&quot;:[]}\">\n\t\t\t\t<div class=\"elementor-element elementor-element-71f09e2 elementor-widget elementor-widget-heading\" data-id=\"71f09e2\" data-element_type=\"widget\" data-widget_type=\"heading.default\">\n\t\t\t\t<div class=\"elementor-widget-container\">\n\t\t\t<h2 class=\"elementor-heading-title elementor-size-default\">Upoznajte djelatnike na\u0161eg muzeja<\/h2>\t\t<\/div>\n\t\t\t\t<\/div>\n\t\t<div class=\"elementor-element elementor-element-faafed0 e-con-full e-flex e-con e-child\" data-id=\"faafed0\" data-element_type=\"container\" data-settings=\"{&quot;jet_parallax_layout_list&quot;:[]}\">\n\t\t<div class=\"elementor-element elementor-element-3729c57 e-con-full e-flex e-con e-child\" data-id=\"3729c57\" data-element_type=\"container\" data-settings=\"{&quot;jet_parallax_layout_list&quot;:[]}\">\n\t\t\t\t<div class=\"elementor-element elementor-element-12bf088 elementor-position-top elementor-widget elementor-widget-image-box\" data-id=\"12bf088\" data-element_type=\"widget\" data-widget_type=\"image-box.default\">\n\t\t\t\t<div class=\"elementor-widget-container\">\n\t\t\t<div class=\"elementor-image-box-wrapper\"><figure class=\"elementor-image-box-img\"><img decoding=\"async\" width=\"150\" height=\"150\" src=\"https:\/\/studioeditori.com\/mdrus_new\/wp-content\/uploads\/2024\/04\/matej_sloka.png\" class=\"attachment-full size-full wp-image-8517\" alt=\"\" srcset=\"https:\/\/studioeditori.com\/mdrus_new\/wp-content\/uploads\/2024\/04\/matej_sloka.png 150w, https:\/\/studioeditori.com\/mdrus_new\/wp-content\/uploads\/2024\/04\/matej_sloka-100x100.png 100w\" sizes=\"(max-width: 150px) 100vw, 150px\" \/><\/figure><div class=\"elementor-image-box-content\"><h3 class=\"elementor-image-box-title\">Matej Gabrilo<\/h3><p class=\"elementor-image-box-description\">ravnatelj<\/p><\/div><\/div>\t\t<\/div>\n\t\t\t\t<\/div>\n\t\t\t\t<\/div>\n\t\t<div class=\"elementor-element elementor-element-7e2acb6 e-con-full e-flex e-con e-child\" data-id=\"7e2acb6\" data-element_type=\"container\" data-settings=\"{&quot;jet_parallax_layout_list&quot;:[]}\">\n\t\t\t\t<div class=\"elementor-element elementor-element-86b9659 elementor-widget__width-initial elementor-widget elementor-widget-text-editor\" data-id=\"86b9659\" data-element_type=\"widget\" data-widget_type=\"text-editor.default\">\n\t\t\t\t<div class=\"elementor-widget-container\">\n\t\t\t\t\t\t\t<p>Ro\u0111en 01. 06. 1986. u Splitu. Osnovno\u0161kolsko obrazovanje zavr\u0161ava u O\u0161 Ante Star\u010devi\u0107a u Dicmu. Srednjo\u0161kolsko obrazovanje zavr\u0161ava u Splitu (Turisti\u010dko-ugostiteljska \u0161kola). Godine 2012. zavr\u0161ava sveu\u010dili\u0161ni diplomski studiji povijesti na Sveu\u010dili\u0161tu u Zadru.\u00a0Nakon zavr\u0161enog studija sta\u017eira kao kustos u Hrvatskom pomorskom muzeju u Splitu, a stru\u010dni ispit za kustosa pola\u017ee 16.-18. prosinca 2013. u Zagrebu. Nakon toga nastavlja raditi u\u00a0Hrvatskom\u00a0pomorskom muzeju od 01. svibnja 2013. do 07. kolovoza 2014. godine. U lipnju 2016. godine imenovan privremenim ravnateljom Muzeja\u00a0Domovinskog\u00a0rata u Splitu. Od 10. travnja 2018. godine vr\u0161i du\u017enost v.d. ravnatelja Muzeja. Doktorant je Sveu\u010dili\u0161ta u Zadru. Obranjen sinopsis doktorske disertacije pod nazivom \u201cZborno podru\u010dje Split u Domovinskom ratu 1991.-1995.\u201d.<\/p>\t\t\t\t\t\t<\/div>\n\t\t\t\t<\/div>\n\t\t<div class=\"elementor-element elementor-element-8659d0f e-con-full e-flex e-con e-child\" data-id=\"8659d0f\" data-element_type=\"container\" data-settings=\"{&quot;jet_parallax_layout_list&quot;:[]}\">\n\t\t\t\t<div class=\"elementor-element elementor-element-9bc2237 elementor-icon-list--layout-traditional elementor-list-item-link-full_width elementor-widget elementor-widget-icon-list\" data-id=\"9bc2237\" data-element_type=\"widget\" data-widget_type=\"icon-list.default\">\n\t\t\t\t<div class=\"elementor-widget-container\">\n\t\t\t\t\t<ul class=\"elementor-icon-list-items\">\n\t\t\t\t\t\t\t<li class=\"elementor-icon-list-item\">\n\t\t\t\t\t\t\t\t\t\t\t<a href=\"mailto:m.gabrilo86@gmail.com\">\n\n\t\t\t\t\t\t\t\t\t\t\t\t<span class=\"elementor-icon-list-icon\">\n\t\t\t\t\t\t\t<svg aria-hidden=\"true\" class=\"e-font-icon-svg e-fas-envelope\" viewBox=\"0 0 512 512\" xmlns=\"http:\/\/www.w3.org\/2000\/svg\"><path d=\"M502.3 190.8c3.9-3.1 9.7-.2 9.7 4.7V400c0 26.5-21.5 48-48 48H48c-26.5 0-48-21.5-48-48V195.6c0-5 5.7-7.8 9.7-4.7 22.4 17.4 52.1 39.5 154.1 113.6 21.1 15.4 56.7 47.8 92.2 47.6 35.7.3 72-32.8 92.3-47.6 102-74.1 131.6-96.3 154-113.7zM256 320c23.2.4 56.6-29.2 73.4-41.4 132.7-96.3 142.8-104.7 173.4-128.7 5.8-4.5 9.2-11.5 9.2-18.9v-19c0-26.5-21.5-48-48-48H48C21.5 64 0 85.5 0 112v19c0 7.4 3.4 14.3 9.2 18.9 30.6 23.9 40.7 32.4 173.4 128.7 16.8 12.2 50.2 41.8 73.4 41.4z\"><\/path><\/svg>\t\t\t\t\t\t<\/span>\n\t\t\t\t\t\t\t\t\t\t<span class=\"elementor-icon-list-text\">m.gabrilo86@gmail.com<\/span>\n\t\t\t\t\t\t\t\t\t\t\t<\/a>\n\t\t\t\t\t\t\t\t\t<\/li>\n\t\t\t\t\t\t<\/ul>\n\t\t\t\t<\/div>\n\t\t\t\t<\/div>\n\t\t\t\t<\/div>\n\t\t\t\t<\/div>\n\t\t\t\t<\/div>\n\t\t<div class=\"elementor-element elementor-element-4ab18e9 e-con-full e-flex e-con e-child\" data-id=\"4ab18e9\" data-element_type=\"container\" data-settings=\"{&quot;jet_parallax_layout_list&quot;:[]}\">\n\t\t<div class=\"elementor-element elementor-element-379bb3f e-con-full e-flex e-con e-child\" data-id=\"379bb3f\" data-element_type=\"container\" data-settings=\"{&quot;jet_parallax_layout_list&quot;:[]}\">\n\t\t\t\t<div class=\"elementor-element elementor-element-cd4cef3 elementor-position-top elementor-widget elementor-widget-image-box\" data-id=\"cd4cef3\" data-element_type=\"widget\" data-widget_type=\"image-box.default\">\n\t\t\t\t<div class=\"elementor-widget-container\">\n\t\t\t<div class=\"elementor-image-box-wrapper\"><figure class=\"elementor-image-box-img\"><img fetchpriority=\"high\" decoding=\"async\" width=\"400\" height=\"400\" src=\"https:\/\/studioeditori.com\/mdrus_new\/wp-content\/uploads\/2024\/04\/IMG-20160509-WA0002-2a.jpg\" class=\"attachment-full size-full wp-image-8516\" alt=\"\" srcset=\"https:\/\/studioeditori.com\/mdrus_new\/wp-content\/uploads\/2024\/04\/IMG-20160509-WA0002-2a.jpg 400w, https:\/\/studioeditori.com\/mdrus_new\/wp-content\/uploads\/2024\/04\/IMG-20160509-WA0002-2a-300x300.jpg 300w, https:\/\/studioeditori.com\/mdrus_new\/wp-content\/uploads\/2024\/04\/IMG-20160509-WA0002-2a-150x150.jpg 150w, https:\/\/studioeditori.com\/mdrus_new\/wp-content\/uploads\/2024\/04\/IMG-20160509-WA0002-2a-350x350.jpg 350w, https:\/\/studioeditori.com\/mdrus_new\/wp-content\/uploads\/2024\/04\/IMG-20160509-WA0002-2a-100x100.jpg 100w\" sizes=\"(max-width: 400px) 100vw, 400px\" \/><\/figure><div class=\"elementor-image-box-content\"><h3 class=\"elementor-image-box-title\">Petra \u0160imi\u0107<\/h3><p class=\"elementor-image-box-description\">kustos<\/p><\/div><\/div>\t\t<\/div>\n\t\t\t\t<\/div>\n\t\t\t\t<\/div>\n\t\t<div class=\"elementor-element elementor-element-c42cfb7 e-con-full e-flex e-con e-child\" data-id=\"c42cfb7\" data-element_type=\"container\" data-settings=\"{&quot;jet_parallax_layout_list&quot;:[]}\">\n\t\t\t\t<div class=\"elementor-element elementor-element-8461c6e elementor-widget__width-initial elementor-widget elementor-widget-text-editor\" data-id=\"8461c6e\" data-element_type=\"widget\" data-widget_type=\"text-editor.default\">\n\t\t\t\t<div class=\"elementor-widget-container\">\n\t\t\t\t\t\t\tRo\u0111ena 29. svibnja 1990. u Splitu. Nakon zavr\u0161enog obrazovanja u O\u0160 Split 3 i V. gimnaziji Vladimir Nazor u Splitu, 2015. diplomirala je na Filozofskom fakultetu u Splitu kao magistra edukacije povijesti umjetnosti i talijanskog jezika i knji\u017eevnosti. Sta\u017eirala je kao kustos u Hrvatskom pomorskom muzeju Split 2016. godine, a u lipnju 2017. u Zagrebu polo\u017eila stru\u010dni ispit za zvanje kustos nakon \u010dega je kao stru\u010dna suradnica radila na nekoliko izlo\u017ebi.\t\t\t\t\t\t<\/div>\n\t\t\t\t<\/div>\n\t\t<div class=\"elementor-element elementor-element-21c54cc e-con-full e-flex e-con e-child\" data-id=\"21c54cc\" data-element_type=\"container\" data-settings=\"{&quot;jet_parallax_layout_list&quot;:[]}\">\n\t\t\t\t<div class=\"elementor-element elementor-element-86a6c99 elementor-icon-list--layout-traditional elementor-list-item-link-full_width elementor-widget elementor-widget-icon-list\" data-id=\"86a6c99\" data-element_type=\"widget\" data-widget_type=\"icon-list.default\">\n\t\t\t\t<div class=\"elementor-widget-container\">\n\t\t\t\t\t<ul class=\"elementor-icon-list-items\">\n\t\t\t\t\t\t\t<li class=\"elementor-icon-list-item\">\n\t\t\t\t\t\t\t\t\t\t\t<a href=\"mailto:petra_ugrin@hotmail.com\">\n\n\t\t\t\t\t\t\t\t\t\t\t\t<span class=\"elementor-icon-list-icon\">\n\t\t\t\t\t\t\t<svg aria-hidden=\"true\" class=\"e-font-icon-svg e-fas-envelope\" viewBox=\"0 0 512 512\" xmlns=\"http:\/\/www.w3.org\/2000\/svg\"><path d=\"M502.3 190.8c3.9-3.1 9.7-.2 9.7 4.7V400c0 26.5-21.5 48-48 48H48c-26.5 0-48-21.5-48-48V195.6c0-5 5.7-7.8 9.7-4.7 22.4 17.4 52.1 39.5 154.1 113.6 21.1 15.4 56.7 47.8 92.2 47.6 35.7.3 72-32.8 92.3-47.6 102-74.1 131.6-96.3 154-113.7zM256 320c23.2.4 56.6-29.2 73.4-41.4 132.7-96.3 142.8-104.7 173.4-128.7 5.8-4.5 9.2-11.5 9.2-18.9v-19c0-26.5-21.5-48-48-48H48C21.5 64 0 85.5 0 112v19c0 7.4 3.4 14.3 9.2 18.9 30.6 23.9 40.7 32.4 173.4 128.7 16.8 12.2 50.2 41.8 73.4 41.4z\"><\/path><\/svg>\t\t\t\t\t\t<\/span>\n\t\t\t\t\t\t\t\t\t\t<span class=\"elementor-icon-list-text\">petra_ugrin@hotmail.com<\/span>\n\t\t\t\t\t\t\t\t\t\t\t<\/a>\n\t\t\t\t\t\t\t\t\t<\/li>\n\t\t\t\t\t\t<\/ul>\n\t\t\t\t<\/div>\n\t\t\t\t<\/div>\n\t\t\t\t<\/div>\n\t\t\t\t<\/div>\n\t\t\t\t<\/div>\n\t\t<div class=\"elementor-element elementor-element-aab02a1 e-con-full e-flex e-con e-child\" data-id=\"aab02a1\" data-element_type=\"container\" data-settings=\"{&quot;jet_parallax_layout_list&quot;:[]}\">\n\t\t<div class=\"elementor-element elementor-element-f45f56f e-con-full e-flex e-con e-child\" data-id=\"f45f56f\" data-element_type=\"container\" data-settings=\"{&quot;jet_parallax_layout_list&quot;:[]}\">\n\t\t\t\t<div class=\"elementor-element elementor-element-18910f4 elementor-position-top elementor-widget elementor-widget-image-box\" data-id=\"18910f4\" data-element_type=\"widget\" data-widget_type=\"image-box.default\">\n\t\t\t\t<div class=\"elementor-widget-container\">\n\t\t\t<div class=\"elementor-image-box-wrapper\"><figure class=\"elementor-image-box-img\"><img decoding=\"async\" width=\"530\" height=\"530\" src=\"https:\/\/studioeditori.com\/mdrus_new\/wp-content\/uploads\/2024\/04\/IMG_7065a.jpg\" class=\"attachment-full size-full wp-image-8515\" alt=\"\" srcset=\"https:\/\/studioeditori.com\/mdrus_new\/wp-content\/uploads\/2024\/04\/IMG_7065a.jpg 530w, https:\/\/studioeditori.com\/mdrus_new\/wp-content\/uploads\/2024\/04\/IMG_7065a-300x300.jpg 300w, https:\/\/studioeditori.com\/mdrus_new\/wp-content\/uploads\/2024\/04\/IMG_7065a-150x150.jpg 150w, https:\/\/studioeditori.com\/mdrus_new\/wp-content\/uploads\/2024\/04\/IMG_7065a-350x350.jpg 350w, https:\/\/studioeditori.com\/mdrus_new\/wp-content\/uploads\/2024\/04\/IMG_7065a-100x100.jpg 100w\" sizes=\"(max-width: 530px) 100vw, 530px\" \/><\/figure><div class=\"elementor-image-box-content\"><h3 class=\"elementor-image-box-title\">Bruna Peri\u0161<\/h3><p class=\"elementor-image-box-description\">restauratorica<\/p><\/div><\/div>\t\t<\/div>\n\t\t\t\t<\/div>\n\t\t\t\t<\/div>\n\t\t<div class=\"elementor-element elementor-element-11e6949 e-con-full e-flex e-con e-child\" data-id=\"11e6949\" data-element_type=\"container\" data-settings=\"{&quot;jet_parallax_layout_list&quot;:[]}\">\n\t\t\t\t<div class=\"elementor-element elementor-element-af383e9 elementor-widget elementor-widget-text-editor\" data-id=\"af383e9\" data-element_type=\"widget\" data-widget_type=\"text-editor.default\">\n\t\t\t\t<div class=\"elementor-widget-container\">\n\t\t\t\t\t\t\tRo\u0111ena 05.02.1986. u Rijeci. Osnovno\u0161kolsko obrazovanje  zavr\u0161ava u O\u0160 Ivana Rabljanina u Rabu. Srednjo\u0161kolsko obrazovanje zavr\u0161ava u Rijeci (\u0160kola za primijenjenu umjetnost u Rijeci). Godine 2011. diplomirala na Umjetni\u010dkoj akademiji u Splitu , Odsjek za konzervaciju-restauraciju (u\u017ea specijalnost-\u0161tafelajno slikarstvo i polikromirano drvo). Nakon zavr\u0161enog studija sta\u017eirala kao restaurator u Hrvatskom pomorskom muzeju u Splitu, te stru\u010dni ispit za tekstil polo\u017eila 2012. godine pri Muzejskom dokumentacijskom centru u Zagrebu za ste\u010deno muzejsko zvanje restaurator.  2012.g. zavr\u0161ila i pedago\u0161ko-psiholo\u0161ko-didakti\u010dko-metodi\u010dko obrazovanje za nastavnika pri Sveu\u010dili\u0161tu u Splitu, Centar za istra\u017eivanje i razvoj cjelo\u017eivotnog obrazovanja.  2015. godine radila kao vanjski suradnik za Muzej grada Ka\u0161tela na restauraciji tekstilnih predmeta.  Dodatno se usavr\u0161avala  i radila u Dr\u017eavnom arhivu u Splitu od travnja 2016. do prosinca 2017.godine na konzervaciji-restauraciji papira. 2019. godine (travanj-lipanj) radila kao vanjski sutradnik za Muzej Domovinskog rata u Splitu na preventivnoj za\u0161titi tekstila, a od kolovoza 2019. do prosinca 2020. godine u Muzeju Domovinskog rata u Splitu  bila je zaposlena na radnom mjestu muzejskog tehni\u010dara.\t\t\t\t\t\t<\/div>\n\t\t\t\t<\/div>\n\t\t<div class=\"elementor-element elementor-element-8841286 e-con-full e-flex e-con e-child\" data-id=\"8841286\" data-element_type=\"container\" data-settings=\"{&quot;jet_parallax_layout_list&quot;:[]}\">\n\t\t\t\t<div class=\"elementor-element elementor-element-8ebf067 elementor-icon-list--layout-traditional elementor-list-item-link-full_width elementor-widget elementor-widget-icon-list\" data-id=\"8ebf067\" data-element_type=\"widget\" data-widget_type=\"icon-list.default\">\n\t\t\t\t<div class=\"elementor-widget-container\">\n\t\t\t\t\t<ul class=\"elementor-icon-list-items\">\n\t\t\t\t\t\t\t<li class=\"elementor-icon-list-item\">\n\t\t\t\t\t\t\t\t\t\t\t<a href=\"mailto:bperis1304@gmail.com\">\n\n\t\t\t\t\t\t\t\t\t\t\t\t<span class=\"elementor-icon-list-icon\">\n\t\t\t\t\t\t\t<svg aria-hidden=\"true\" class=\"e-font-icon-svg e-fas-envelope\" viewBox=\"0 0 512 512\" xmlns=\"http:\/\/www.w3.org\/2000\/svg\"><path d=\"M502.3 190.8c3.9-3.1 9.7-.2 9.7 4.7V400c0 26.5-21.5 48-48 48H48c-26.5 0-48-21.5-48-48V195.6c0-5 5.7-7.8 9.7-4.7 22.4 17.4 52.1 39.5 154.1 113.6 21.1 15.4 56.7 47.8 92.2 47.6 35.7.3 72-32.8 92.3-47.6 102-74.1 131.6-96.3 154-113.7zM256 320c23.2.4 56.6-29.2 73.4-41.4 132.7-96.3 142.8-104.7 173.4-128.7 5.8-4.5 9.2-11.5 9.2-18.9v-19c0-26.5-21.5-48-48-48H48C21.5 64 0 85.5 0 112v19c0 7.4 3.4 14.3 9.2 18.9 30.6 23.9 40.7 32.4 173.4 128.7 16.8 12.2 50.2 41.8 73.4 41.4z\"><\/path><\/svg>\t\t\t\t\t\t<\/span>\n\t\t\t\t\t\t\t\t\t\t<span class=\"elementor-icon-list-text\">bperis1304@gmail.com<\/span>\n\t\t\t\t\t\t\t\t\t\t\t<\/a>\n\t\t\t\t\t\t\t\t\t<\/li>\n\t\t\t\t\t\t<\/ul>\n\t\t\t\t<\/div>\n\t\t\t\t<\/div>\n\t\t\t\t<\/div>\n\t\t\t\t<\/div>\n\t\t\t\t<\/div>\n\t\t<div class=\"elementor-element elementor-element-40892ac e-con-full e-flex e-con e-child\" data-id=\"40892ac\" data-element_type=\"container\" data-settings=\"{&quot;jet_parallax_layout_list&quot;:[]}\">\n\t\t<div class=\"elementor-element elementor-element-936344b e-con-full e-flex e-con e-child\" data-id=\"936344b\" data-element_type=\"container\" data-settings=\"{&quot;jet_parallax_layout_list&quot;:[]}\">\n\t\t\t\t<div class=\"elementor-element elementor-element-3355b47 elementor-position-top elementor-widget elementor-widget-image-box\" data-id=\"3355b47\" data-element_type=\"widget\" data-widget_type=\"image-box.default\">\n\t\t\t\t<div class=\"elementor-widget-container\">\n\t\t\t<div class=\"elementor-image-box-wrapper\"><figure class=\"elementor-image-box-img\"><img loading=\"lazy\" decoding=\"async\" width=\"424\" height=\"424\" src=\"https:\/\/studioeditori.com\/mdrus_new\/wp-content\/uploads\/2024\/04\/Sanja-mdrus.jpeg\" class=\"attachment-full size-full wp-image-8737\" alt=\"\" srcset=\"https:\/\/studioeditori.com\/mdrus_new\/wp-content\/uploads\/2024\/04\/Sanja-mdrus.jpeg 424w, https:\/\/studioeditori.com\/mdrus_new\/wp-content\/uploads\/2024\/04\/Sanja-mdrus-300x300.jpeg 300w, https:\/\/studioeditori.com\/mdrus_new\/wp-content\/uploads\/2024\/04\/Sanja-mdrus-150x150.jpeg 150w, https:\/\/studioeditori.com\/mdrus_new\/wp-content\/uploads\/2024\/04\/Sanja-mdrus-350x350.jpeg 350w, https:\/\/studioeditori.com\/mdrus_new\/wp-content\/uploads\/2024\/04\/Sanja-mdrus-100x100.jpeg 100w\" sizes=\"(max-width: 424px) 100vw, 424px\" \/><\/figure><div class=\"elementor-image-box-content\"><h3 class=\"elementor-image-box-title\">Sanja Budi\u0107 Leto<\/h3><p class=\"elementor-image-box-description\">vi\u0161a kustosica\n\n<\/p><\/div><\/div>\t\t<\/div>\n\t\t\t\t<\/div>\n\t\t\t\t<\/div>\n\t\t<div class=\"elementor-element elementor-element-85e148a e-con-full e-flex e-con e-child\" data-id=\"85e148a\" data-element_type=\"container\" data-settings=\"{&quot;jet_parallax_layout_list&quot;:[]}\">\n\t\t\t\t<div class=\"elementor-element elementor-element-f4c9ddc elementor-widget elementor-widget-text-editor\" data-id=\"f4c9ddc\" data-element_type=\"widget\" data-widget_type=\"text-editor.default\">\n\t\t\t\t<div class=\"elementor-widget-container\">\n\t\t\t\t\t\t\tRo\u0111ena 14. 12. 1987. godine u Splitu. Osnovno\u0161kolsko obrazovanje zavr\u0161ila je u Osnovnoj \u0161koli Trilj u Trilju, a srednjo\u0161kolsko u Op\u0107oj Gimnaziji Dinka \u0160imunovi\u0107a u Sinju. Sveu\u010dili\u0161ni diplomski studij povijesti zavr\u0161ila je 2013. godine na Filozofskom fakultetu Sveu\u010dili\u0161ta u Zagrebu. Prvo radno iskustvo u muzeju stekla je odradiv\u0161i pripravni\u0161tvo u Muzeju triljskog kraja u Trilju, a zvanje kustos stekla je 2014. godine uspje\u0161no polo\u017eiv\u0161i stru\u010dni ispit pri Muzejskom dokumentacijskom centru. Od 2018. do lipnja 2022. godine obna\u0161ala je du\u017enost ravnateljice Muzeja triljskog kraja, a od lipnja 2022. do velja\u010de 2024. vr\u0161ila je du\u017enost ravnateljice u istoj ustanovi. 2024. godine napredovala je u zvanje vi\u0161e kustosice.\t\t\t\t\t\t<\/div>\n\t\t\t\t<\/div>\n\t\t<div class=\"elementor-element elementor-element-ac4f33b e-con-full e-flex e-con e-child\" data-id=\"ac4f33b\" data-element_type=\"container\" data-settings=\"{&quot;jet_parallax_layout_list&quot;:[]}\">\n\t\t\t\t<div class=\"elementor-element elementor-element-bf7ad41 elementor-icon-list--layout-traditional elementor-list-item-link-full_width elementor-widget elementor-widget-icon-list\" data-id=\"bf7ad41\" data-element_type=\"widget\" data-widget_type=\"icon-list.default\">\n\t\t\t\t<div class=\"elementor-widget-container\">\n\t\t\t\t\t<ul class=\"elementor-icon-list-items\">\n\t\t\t\t\t\t\t<li class=\"elementor-icon-list-item\">\n\t\t\t\t\t\t\t\t\t\t\t<a href=\"mailto:sanja_leto@yahoo.com\">\n\n\t\t\t\t\t\t\t\t\t\t\t\t<span class=\"elementor-icon-list-icon\">\n\t\t\t\t\t\t\t<svg aria-hidden=\"true\" class=\"e-font-icon-svg e-fas-envelope\" viewBox=\"0 0 512 512\" xmlns=\"http:\/\/www.w3.org\/2000\/svg\"><path d=\"M502.3 190.8c3.9-3.1 9.7-.2 9.7 4.7V400c0 26.5-21.5 48-48 48H48c-26.5 0-48-21.5-48-48V195.6c0-5 5.7-7.8 9.7-4.7 22.4 17.4 52.1 39.5 154.1 113.6 21.1 15.4 56.7 47.8 92.2 47.6 35.7.3 72-32.8 92.3-47.6 102-74.1 131.6-96.3 154-113.7zM256 320c23.2.4 56.6-29.2 73.4-41.4 132.7-96.3 142.8-104.7 173.4-128.7 5.8-4.5 9.2-11.5 9.2-18.9v-19c0-26.5-21.5-48-48-48H48C21.5 64 0 85.5 0 112v19c0 7.4 3.4 14.3 9.2 18.9 30.6 23.9 40.7 32.4 173.4 128.7 16.8 12.2 50.2 41.8 73.4 41.4z\"><\/path><\/svg>\t\t\t\t\t\t<\/span>\n\t\t\t\t\t\t\t\t\t\t<span class=\"elementor-icon-list-text\">sanja_leto@yahoo.com<\/span>\n\t\t\t\t\t\t\t\t\t\t\t<\/a>\n\t\t\t\t\t\t\t\t\t<\/li>\n\t\t\t\t\t\t<\/ul>\n\t\t\t\t<\/div>\n\t\t\t\t<\/div>\n\t\t\t\t<\/div>\n\t\t\t\t<\/div>\n\t\t\t\t<\/div>\n\t\t\t\t<\/div>\n\t\t\t\t\t<\/div>\n\t\t\t\t<\/div>\n\t\t\t\t<\/div>\n\t\t","protected":false},"excerpt":{"rendered":"<p>Muzej Domovinskog rata u Splitu Muzej Domovinskog rata u Splitu te\u017ei biti temeljno mjesto za prou\u010davanje, o\u010duvanje i promicanje istine o Domovinskom ratu. Upoznajte djelatnike na\u0161eg muzeja Matej Gabrilo ravnatelj Ro\u0111en 01. 06. 1986. u Splitu. Osnovno\u0161kolsko obrazovanje zavr\u0161ava u O\u0161 Ante Star\u010devi\u0107a u Dicmu. Srednjo\u0161kolsko obrazovanje zavr\u0161ava u Splitu (Turisti\u010dko-ugostiteljska \u0161kola). Godine 2012. zavr\u0161ava [&hellip;]<\/p>\n","protected":false},"author":1,"featured_media":0,"parent":0,"menu_order":0,"comment_status":"closed","ping_status":"closed","template":"","meta":{"footnotes":""},"class_list":["post-8329","page","type-page","status-publish","hentry"],"_links":{"self":[{"href":"https:\/\/studioeditori.com\/mdrus_new\/wp-json\/wp\/v2\/pages\/8329","targetHints":{"allow":["GET"]}}],"collection":[{"href":"https:\/\/studioeditori.com\/mdrus_new\/wp-json\/wp\/v2\/pages"}],"about":[{"href":"https:\/\/studioeditori.com\/mdrus_new\/wp-json\/wp\/v2\/types\/page"}],"author":[{"embeddable":true,"href":"https:\/\/studioeditori.com\/mdrus_new\/wp-json\/wp\/v2\/users\/1"}],"replies":[{"embeddable":true,"href":"https:\/\/studioeditori.com\/mdrus_new\/wp-json\/wp\/v2\/comments?post=8329"}],"version-history":[{"count":26,"href":"https:\/\/studioeditori.com\/mdrus_new\/wp-json\/wp\/v2\/pages\/8329\/revisions"}],"predecessor-version":[{"id":10914,"href":"https:\/\/studioeditori.com\/mdrus_new\/wp-json\/wp\/v2\/pages\/8329\/revisions\/10914"}],"wp:attachment":[{"href":"https:\/\/studioeditori.com\/mdrus_new\/wp-json\/wp\/v2\/media?parent=8329"}],"curies":[{"name":"wp","href":"https:\/\/api.w.org\/{rel}","templated":true}]}}