{"id":8709,"date":"2024-04-06T09:34:49","date_gmt":"2024-04-06T07:34:49","guid":{"rendered":"https:\/\/studioeditori.com\/mdrus_new\/?page_id=8709"},"modified":"2024-11-28T12:49:39","modified_gmt":"2024-11-28T11:49:39","slug":"blog","status":"publish","type":"page","link":"https:\/\/studioeditori.com\/mdrus_new\/blog\/","title":{"rendered":"Blog"},"content":{"rendered":"\t\t<div data-elementor-type=\"wp-page\" data-elementor-id=\"8709\" class=\"elementor elementor-8709\" data-elementor-post-type=\"page\">\n\t\t\t\t<div class=\"elementor-element elementor-element-5fd08e3a e-flex e-con-boxed e-con e-parent\" data-id=\"5fd08e3a\" data-element_type=\"container\" data-settings=\"{&quot;background_background&quot;:&quot;classic&quot;,&quot;jet_parallax_layout_list&quot;:[]}\">\n\t\t\t\t\t<div class=\"e-con-inner\">\n\t\t<div class=\"elementor-element elementor-element-5d4c59e3 e-con-full e-flex e-con e-child\" data-id=\"5d4c59e3\" data-element_type=\"container\" data-settings=\"{&quot;jet_parallax_layout_list&quot;:[]}\">\n\t\t\t\t<\/div>\n\t\t\t\t\t<\/div>\n\t\t\t\t<\/div>\n\t\t<div class=\"elementor-element elementor-element-695d6f2 e-flex e-con-boxed e-con e-parent\" data-id=\"695d6f2\" data-element_type=\"container\" data-settings=\"{&quot;jet_parallax_layout_list&quot;:[]}\">\n\t\t\t\t\t<div class=\"e-con-inner\">\n\t\t\t\t<div class=\"elementor-element elementor-element-51acfbd elementor-grid-3 elementor-grid-tablet-2 elementor-grid-mobile-1 elementor-posts--thumbnail-top elementor-widget elementor-widget-posts\" data-id=\"51acfbd\" data-element_type=\"widget\" data-settings=\"{&quot;classic_columns&quot;:&quot;3&quot;,&quot;classic_columns_tablet&quot;:&quot;2&quot;,&quot;classic_columns_mobile&quot;:&quot;1&quot;,&quot;classic_row_gap&quot;:{&quot;unit&quot;:&quot;px&quot;,&quot;size&quot;:35,&quot;sizes&quot;:[]},&quot;classic_row_gap_tablet&quot;:{&quot;unit&quot;:&quot;px&quot;,&quot;size&quot;:&quot;&quot;,&quot;sizes&quot;:[]},&quot;classic_row_gap_mobile&quot;:{&quot;unit&quot;:&quot;px&quot;,&quot;size&quot;:&quot;&quot;,&quot;sizes&quot;:[]}}\" data-widget_type=\"posts.classic\">\n\t\t\t\t<div class=\"elementor-widget-container\">\n\t\t\t\t\t<div class=\"elementor-posts-container elementor-posts elementor-posts--skin-classic elementor-grid\">\n\t\t\t\t<article class=\"elementor-post elementor-grid-item post-10135 post type-post status-publish format-standard has-post-thumbnail hentry category-blog\">\n\t\t\t\t<a class=\"elementor-post__thumbnail__link\" href=\"https:\/\/studioeditori.com\/mdrus_new\/2024\/07\/04\/muzej-domovinskog-rata-u-splitu\/\" tabindex=\"-1\" >\n\t\t\t<div class=\"elementor-post__thumbnail\"><img fetchpriority=\"high\" decoding=\"async\" width=\"300\" height=\"169\" src=\"https:\/\/studioeditori.com\/mdrus_new\/wp-content\/uploads\/2024\/06\/Slajd4-300x169.jpg\" class=\"attachment-medium size-medium wp-image-9538\" alt=\"\" srcset=\"https:\/\/studioeditori.com\/mdrus_new\/wp-content\/uploads\/2024\/06\/Slajd4-300x169.jpg 300w, https:\/\/studioeditori.com\/mdrus_new\/wp-content\/uploads\/2024\/06\/Slajd4-1024x576.jpg 1024w, https:\/\/studioeditori.com\/mdrus_new\/wp-content\/uploads\/2024\/06\/Slajd4-768x432.jpg 768w, https:\/\/studioeditori.com\/mdrus_new\/wp-content\/uploads\/2024\/06\/Slajd4.jpg 1280w\" sizes=\"(max-width: 300px) 100vw, 300px\" \/><\/div>\n\t\t<\/a>\n\t\t\t\t<div class=\"elementor-post__text\">\n\t\t\t\t<h3 class=\"elementor-post__title\">\n\t\t\t<a href=\"https:\/\/studioeditori.com\/mdrus_new\/2024\/07\/04\/muzej-domovinskog-rata-u-splitu\/\" >\n\t\t\t\tMuzej Domovinskog rata u Splitu\t\t\t<\/a>\n\t\t<\/h3>\n\t\t\t\t<div class=\"elementor-post__meta-data\">\n\t\t\t\t\t<span class=\"elementor-post-date\">\n\t\t\t04\/07\/2024\t\t<\/span>\n\t\t\t\t<\/div>\n\t\t\t\t<div class=\"elementor-post__excerpt\">\n\t\t\t<p>Muzej Domovinskog rata u Splitu Sa\u017eetak Koordinacija udruga borbenih postrojbi grada Splita pokrenula je 2015. godine inicijativu da se u Splitu osnuje muzej koji bi<\/p>\n\t\t<\/div>\n\t\t\t\t<\/div>\n\t\t\t\t<\/article>\n\t\t\t\t<article class=\"elementor-post elementor-grid-item post-9744 post type-post status-publish format-standard has-post-thumbnail hentry category-blog\">\n\t\t\t\t<a class=\"elementor-post__thumbnail__link\" href=\"https:\/\/studioeditori.com\/mdrus_new\/2024\/06\/20\/strani-dragovoljci-u-domovinskom-ratu-izlozba-tematizira-izrezano-sjecanje-iz-kolektivne-memorije-hrvatskog-drustva\/\" tabindex=\"-1\" >\n\t\t\t<div class=\"elementor-post__thumbnail\"><img decoding=\"async\" width=\"300\" height=\"300\" src=\"https:\/\/studioeditori.com\/mdrus_new\/wp-content\/uploads\/2024\/05\/Stranci_izlozba-300x300.jpg\" class=\"attachment-medium size-medium wp-image-9165\" alt=\"\" srcset=\"https:\/\/studioeditori.com\/mdrus_new\/wp-content\/uploads\/2024\/05\/Stranci_izlozba-300x300.jpg 300w, https:\/\/studioeditori.com\/mdrus_new\/wp-content\/uploads\/2024\/05\/Stranci_izlozba-150x150.jpg 150w, https:\/\/studioeditori.com\/mdrus_new\/wp-content\/uploads\/2024\/05\/Stranci_izlozba-350x350.jpg 350w, https:\/\/studioeditori.com\/mdrus_new\/wp-content\/uploads\/2024\/05\/Stranci_izlozba-600x600.jpg 600w, https:\/\/studioeditori.com\/mdrus_new\/wp-content\/uploads\/2024\/05\/Stranci_izlozba-100x100.jpg 100w, https:\/\/studioeditori.com\/mdrus_new\/wp-content\/uploads\/2024\/05\/Stranci_izlozba.jpg 630w\" sizes=\"(max-width: 300px) 100vw, 300px\" \/><\/div>\n\t\t<\/a>\n\t\t\t\t<div class=\"elementor-post__text\">\n\t\t\t\t<h3 class=\"elementor-post__title\">\n\t\t\t<a href=\"https:\/\/studioeditori.com\/mdrus_new\/2024\/06\/20\/strani-dragovoljci-u-domovinskom-ratu-izlozba-tematizira-izrezano-sjecanje-iz-kolektivne-memorije-hrvatskog-drustva\/\" >\n\t\t\t\t\u201eStrani dragovoljci u Domovinskom ratu\u201c \u2013 izlo\u017eba tematizira \u201eizrezano sje\u0107anje\u201c iz kolektivne memorije hrvatskog dru\u0161tva\t\t\t<\/a>\n\t\t<\/h3>\n\t\t\t\t<div class=\"elementor-post__meta-data\">\n\t\t\t\t\t<span class=\"elementor-post-date\">\n\t\t\t20\/06\/2024\t\t<\/span>\n\t\t\t\t<\/div>\n\t\t\t\t<div class=\"elementor-post__excerpt\">\n\t\t\t<p>\u201eStrani dragovoljci u Domovinskom ratu\u201c \u2013 izlo\u017eba tematizira \u201eizrezano sje\u0107anje\u201c iz kolektivne memorije hrvatskog dru\u0161tva U galeriji Muzeja Domovinskog rata u Splitu nedavno je otvorena<\/p>\n\t\t<\/div>\n\t\t\t\t<\/div>\n\t\t\t\t<\/article>\n\t\t\t\t<article class=\"elementor-post elementor-grid-item post-8716 post type-post status-publish format-standard has-post-thumbnail hentry category-blog\">\n\t\t\t\t<a class=\"elementor-post__thumbnail__link\" href=\"https:\/\/studioeditori.com\/mdrus_new\/2022\/07\/15\/12-unique-things-to-do-in-split-the-homeland-war-museum\/\" tabindex=\"-1\" >\n\t\t\t<div class=\"elementor-post__thumbnail\"><img decoding=\"async\" width=\"300\" height=\"205\" src=\"https:\/\/studioeditori.com\/mdrus_new\/wp-content\/uploads\/2024\/04\/2-5-4-500x342-1-300x205.gif\" class=\"attachment-medium size-medium wp-image-8717\" alt=\"\" \/><\/div>\n\t\t<\/a>\n\t\t\t\t<div class=\"elementor-post__text\">\n\t\t\t\t<h3 class=\"elementor-post__title\">\n\t\t\t<a href=\"https:\/\/studioeditori.com\/mdrus_new\/2022\/07\/15\/12-unique-things-to-do-in-split-the-homeland-war-museum\/\" >\n\t\t\t\t12 UNIQUE THINGS TO DO IN SPLIT \u2013 THE HOMELAND WAR MUSEUM\t\t\t<\/a>\n\t\t<\/h3>\n\t\t\t\t<div class=\"elementor-post__meta-data\">\n\t\t\t\t\t<span class=\"elementor-post-date\">\n\t\t\t15\/07\/2022\t\t<\/span>\n\t\t\t\t<\/div>\n\t\t\t\t<div class=\"elementor-post__excerpt\">\n\t\t\t<p>12 UNIQUE THINGS TO DO IN SPLIT \u2013 THE HOMELAND WAR MUSEUM autorica: Petra \u0160imi\u0107 is a specialised historical museum that explores the Homeland War,<\/p>\n\t\t<\/div>\n\t\t\t\t<\/div>\n\t\t\t\t<\/article>\n\t\t\t\t<article class=\"elementor-post elementor-grid-item post-8890 post type-post status-publish format-standard has-post-thumbnail hentry category-blog\">\n\t\t\t\t<a class=\"elementor-post__thumbnail__link\" href=\"https:\/\/studioeditori.com\/mdrus_new\/2021\/10\/16\/rucna-bomba-skveranka\/\" tabindex=\"-1\" >\n\t\t\t<div class=\"elementor-post__thumbnail\"><img loading=\"lazy\" decoding=\"async\" width=\"300\" height=\"128\" src=\"https:\/\/studioeditori.com\/mdrus_new\/wp-content\/uploads\/2021\/10\/Rucna-bomba-Skveranka-model-PGB.RB_.02c-800x342-1-300x128.jpg\" class=\"attachment-medium size-medium wp-image-8903\" alt=\"\" srcset=\"https:\/\/studioeditori.com\/mdrus_new\/wp-content\/uploads\/2021\/10\/Rucna-bomba-Skveranka-model-PGB.RB_.02c-800x342-1-300x128.jpg 300w, https:\/\/studioeditori.com\/mdrus_new\/wp-content\/uploads\/2021\/10\/Rucna-bomba-Skveranka-model-PGB.RB_.02c-800x342-1-768x328.jpg 768w, https:\/\/studioeditori.com\/mdrus_new\/wp-content\/uploads\/2021\/10\/Rucna-bomba-Skveranka-model-PGB.RB_.02c-800x342-1-600x257.jpg 600w, https:\/\/studioeditori.com\/mdrus_new\/wp-content\/uploads\/2021\/10\/Rucna-bomba-Skveranka-model-PGB.RB_.02c-800x342-1.jpg 800w\" sizes=\"(max-width: 300px) 100vw, 300px\" \/><\/div>\n\t\t<\/a>\n\t\t\t\t<div class=\"elementor-post__text\">\n\t\t\t\t<h3 class=\"elementor-post__title\">\n\t\t\t<a href=\"https:\/\/studioeditori.com\/mdrus_new\/2021\/10\/16\/rucna-bomba-skveranka\/\" >\n\t\t\t\tRU\u010cNA BOMBA \u201e\u0160KVERANKA\u201c\t\t\t<\/a>\n\t\t<\/h3>\n\t\t\t\t<div class=\"elementor-post__meta-data\">\n\t\t\t\t\t<span class=\"elementor-post-date\">\n\t\t\t16\/10\/2021\t\t<\/span>\n\t\t\t\t<\/div>\n\t\t\t\t<div class=\"elementor-post__excerpt\">\n\t\t\t<p>RU\u010cNA BOMBA \u201e\u0160KVERANKA\u201c IZ FUNDUSA MUZEJA DOMOVINSKOG RATA U SPLITU autorica: Petra \u0160imi\u0107 Prvi vi\u0161estrana\u010dki izbori u Hrvatskoj odr\u017eani u travnju i svibnju 1990. godine<\/p>\n\t\t<\/div>\n\t\t\t\t<\/div>\n\t\t\t\t<\/article>\n\t\t\t\t<article class=\"elementor-post elementor-grid-item post-8881 post type-post status-publish format-standard has-post-thumbnail hentry category-blog\">\n\t\t\t\t<a class=\"elementor-post__thumbnail__link\" href=\"https:\/\/studioeditori.com\/mdrus_new\/2021\/09\/08\/bombobacac-pgb-700-u-fundusu-muzeja-domovinskog-rata-u-splitu\/\" tabindex=\"-1\" >\n\t\t\t<div class=\"elementor-post__thumbnail\"><img loading=\"lazy\" decoding=\"async\" width=\"300\" height=\"124\" src=\"https:\/\/studioeditori.com\/mdrus_new\/wp-content\/uploads\/2024\/04\/Granate-za-bombobacac-PGB.700-izradene-na-temelju-modela-rucne-bombe-skveranke-PGB.RB_.02-1-825x342-1-300x124.jpg\" class=\"attachment-medium size-medium wp-image-8882\" alt=\"\" srcset=\"https:\/\/studioeditori.com\/mdrus_new\/wp-content\/uploads\/2024\/04\/Granate-za-bombobacac-PGB.700-izradene-na-temelju-modela-rucne-bombe-skveranke-PGB.RB_.02-1-825x342-1-300x124.jpg 300w, https:\/\/studioeditori.com\/mdrus_new\/wp-content\/uploads\/2024\/04\/Granate-za-bombobacac-PGB.700-izradene-na-temelju-modela-rucne-bombe-skveranke-PGB.RB_.02-1-825x342-1-768x318.jpg 768w, https:\/\/studioeditori.com\/mdrus_new\/wp-content\/uploads\/2024\/04\/Granate-za-bombobacac-PGB.700-izradene-na-temelju-modela-rucne-bombe-skveranke-PGB.RB_.02-1-825x342-1-600x249.jpg 600w, https:\/\/studioeditori.com\/mdrus_new\/wp-content\/uploads\/2024\/04\/Granate-za-bombobacac-PGB.700-izradene-na-temelju-modela-rucne-bombe-skveranke-PGB.RB_.02-1-825x342-1.jpg 825w\" sizes=\"(max-width: 300px) 100vw, 300px\" \/><\/div>\n\t\t<\/a>\n\t\t\t\t<div class=\"elementor-post__text\">\n\t\t\t\t<h3 class=\"elementor-post__title\">\n\t\t\t<a href=\"https:\/\/studioeditori.com\/mdrus_new\/2021\/09\/08\/bombobacac-pgb-700-u-fundusu-muzeja-domovinskog-rata-u-splitu\/\" >\n\t\t\t\tBOMBOBACA\u010c PGB.700 U FUNDUSU MUZEJA DOMOVINSKOG RATA U SPLITU\t\t\t<\/a>\n\t\t<\/h3>\n\t\t\t\t<div class=\"elementor-post__meta-data\">\n\t\t\t\t\t<span class=\"elementor-post-date\">\n\t\t\t08\/09\/2021\t\t<\/span>\n\t\t\t\t<\/div>\n\t\t\t\t<div class=\"elementor-post__excerpt\">\n\t\t\t<p>BOMBOBACA\u010c PGB.700 U FUNDUSU MUZEJA DOMOVINSKOG RATA U SPLITU autorica: Petra \u0160imi\u0107 Budu\u0107i da je u prolje\u0107e 1991. postalo jasno da se sprema oru\u017eana agresija<\/p>\n\t\t<\/div>\n\t\t\t\t<\/div>\n\t\t\t\t<\/article>\n\t\t\t\t<article class=\"elementor-post elementor-grid-item post-9450 post type-post status-publish format-standard has-post-thumbnail hentry category-blog\">\n\t\t\t\t<a class=\"elementor-post__thumbnail__link\" href=\"https:\/\/studioeditori.com\/mdrus_new\/2021\/04\/22\/luk-i-strijele-vilok-kanja-vs-hunter\/\" tabindex=\"-1\" >\n\t\t\t<div class=\"elementor-post__thumbnail\"><img loading=\"lazy\" decoding=\"async\" width=\"300\" height=\"124\" src=\"https:\/\/studioeditori.com\/mdrus_new\/wp-content\/uploads\/2024\/06\/Luk-Vilok-Kanja-vs-Hunter-s-tobolcem-i-strijelama-825x342-1-300x124.jpg\" class=\"attachment-medium size-medium wp-image-9451\" alt=\"\" srcset=\"https:\/\/studioeditori.com\/mdrus_new\/wp-content\/uploads\/2024\/06\/Luk-Vilok-Kanja-vs-Hunter-s-tobolcem-i-strijelama-825x342-1-300x124.jpg 300w, https:\/\/studioeditori.com\/mdrus_new\/wp-content\/uploads\/2024\/06\/Luk-Vilok-Kanja-vs-Hunter-s-tobolcem-i-strijelama-825x342-1-768x318.jpg 768w, https:\/\/studioeditori.com\/mdrus_new\/wp-content\/uploads\/2024\/06\/Luk-Vilok-Kanja-vs-Hunter-s-tobolcem-i-strijelama-825x342-1-600x249.jpg 600w, https:\/\/studioeditori.com\/mdrus_new\/wp-content\/uploads\/2024\/06\/Luk-Vilok-Kanja-vs-Hunter-s-tobolcem-i-strijelama-825x342-1.jpg 825w\" sizes=\"(max-width: 300px) 100vw, 300px\" \/><\/div>\n\t\t<\/a>\n\t\t\t\t<div class=\"elementor-post__text\">\n\t\t\t\t<h3 class=\"elementor-post__title\">\n\t\t\t<a href=\"https:\/\/studioeditori.com\/mdrus_new\/2021\/04\/22\/luk-i-strijele-vilok-kanja-vs-hunter\/\" >\n\t\t\t\tLUK I STRIJELE VILOK KANJA VS HUNTER\t\t\t<\/a>\n\t\t<\/h3>\n\t\t\t\t<div class=\"elementor-post__meta-data\">\n\t\t\t\t\t<span class=\"elementor-post-date\">\n\t\t\t22\/04\/2021\t\t<\/span>\n\t\t\t\t<\/div>\n\t\t\t\t<div class=\"elementor-post__excerpt\">\n\t\t\t<p>LUK I STRIJELE VILOK KANJA VS HUNTER IZ MUZEJA DOMOVINSKOG RATA U SPLITU autorica: Petra \u0160imi\u0107 Gospodin Ratomir Kli\u0161ki\u0107 Muzeju Domovinskog rata u Splitu donirao<\/p>\n\t\t<\/div>\n\t\t\t\t<\/div>\n\t\t\t\t<\/article>\n\t\t\t\t<\/div>\n\t\t\n\t\t\t\t<\/div>\n\t\t\t\t<\/div>\n\t\t\t\t\t<\/div>\n\t\t\t\t<\/div>\n\t\t\t\t<\/div>\n\t\t","protected":false},"excerpt":{"rendered":"","protected":false},"author":1,"featured_media":0,"parent":0,"menu_order":0,"comment_status":"closed","ping_status":"closed","template":"","meta":{"footnotes":""},"class_list":["post-8709","page","type-page","status-publish","hentry"],"_links":{"self":[{"href":"https:\/\/studioeditori.com\/mdrus_new\/wp-json\/wp\/v2\/pages\/8709","targetHints":{"allow":["GET"]}}],"collection":[{"href":"https:\/\/studioeditori.com\/mdrus_new\/wp-json\/wp\/v2\/pages"}],"about":[{"href":"https:\/\/studioeditori.com\/mdrus_new\/wp-json\/wp\/v2\/types\/page"}],"author":[{"embeddable":true,"href":"https:\/\/studioeditori.com\/mdrus_new\/wp-json\/wp\/v2\/users\/1"}],"replies":[{"embeddable":true,"href":"https:\/\/studioeditori.com\/mdrus_new\/wp-json\/wp\/v2\/comments?post=8709"}],"version-history":[{"count":40,"href":"https:\/\/studioeditori.com\/mdrus_new\/wp-json\/wp\/v2\/pages\/8709\/revisions"}],"predecessor-version":[{"id":10951,"href":"https:\/\/studioeditori.com\/mdrus_new\/wp-json\/wp\/v2\/pages\/8709\/revisions\/10951"}],"wp:attachment":[{"href":"https:\/\/studioeditori.com\/mdrus_new\/wp-json\/wp\/v2\/media?parent=8709"}],"curies":[{"name":"wp","href":"https:\/\/api.w.org\/{rel}","templated":true}]}}