{"id":9553,"date":"2024-06-13T16:08:21","date_gmt":"2024-06-13T14:08:21","guid":{"rendered":"https:\/\/studioeditori.com\/mdrus_new\/?page_id=9553"},"modified":"2024-11-28T18:09:47","modified_gmt":"2024-11-28T17:09:47","slug":"zbirke","status":"publish","type":"page","link":"https:\/\/studioeditori.com\/mdrus_new\/zbirke\/","title":{"rendered":"Zbirke"},"content":{"rendered":"\t\t<div data-elementor-type=\"wp-page\" data-elementor-id=\"9553\" class=\"elementor elementor-9553\" data-elementor-post-type=\"page\">\n\t\t\t\t<div class=\"elementor-element elementor-element-41380a69 e-flex e-con-boxed e-con e-parent\" data-id=\"41380a69\" data-element_type=\"container\" data-settings=\"{&quot;background_background&quot;:&quot;classic&quot;,&quot;jet_parallax_layout_list&quot;:[]}\">\n\t\t\t\t\t<div class=\"e-con-inner\">\n\t\t<div class=\"elementor-element elementor-element-4f51cdd0 e-con-full e-flex e-con e-child\" data-id=\"4f51cdd0\" data-element_type=\"container\" data-settings=\"{&quot;jet_parallax_layout_list&quot;:[]}\">\n\t\t\t\t<\/div>\n\t\t\t\t\t<\/div>\n\t\t\t\t<\/div>\n\t\t\t\t<section class=\"elementor-section elementor-top-section elementor-element elementor-element-242f54a elementor-section-stretched elementor-section-boxed elementor-section-height-default elementor-section-height-default\" data-id=\"242f54a\" data-element_type=\"section\" data-settings=\"{&quot;stretch_section&quot;:&quot;section-stretched&quot;,&quot;background_background&quot;:&quot;classic&quot;,&quot;jet_parallax_layout_list&quot;:[]}\">\n\t\t\t\t\t\t<div class=\"elementor-container elementor-column-gap-no\">\n\t\t\t\t\t<div class=\"elementor-column elementor-col-100 elementor-top-column elementor-element elementor-element-3c7dd8b\" data-id=\"3c7dd8b\" data-element_type=\"column\">\n\t\t\t<div class=\"elementor-widget-wrap elementor-element-populated\">\n\t\t\t\t\t\t<div class=\"elementor-element elementor-element-135835c elementor-widget elementor-widget-text-editor\" data-id=\"135835c\" data-element_type=\"widget\" data-widget_type=\"text-editor.default\">\n\t\t\t\t<div class=\"elementor-widget-container\">\n\t\t\t\t\t\t\t<p><strong>Muzej od svog osnutka sustavno radi na prikupljanju i obradi muzejske gra\u0111e. Ona je najve\u0107im dijelom prikupljena putem donacija od kojih je prva zaprimljena 2015. godine od obitelji Kli\u0161ki\u0107. Zaprimljeni predmeti se nakon obrade i za\u0161tite zbog svoje tematske raznolikosti i brojnosti raspore\u0111uju u zbirke. Dolaskom novih predmeta, postoje\u0107e se zbirke popunjavaju i uspostavljaju se nove.<\/strong><\/p>\t\t\t\t\t\t<\/div>\n\t\t\t\t<\/div>\n\t\t\t\t\t<\/div>\n\t\t<\/div>\n\t\t\t\t\t<\/div>\n\t\t<\/section>\n\t\t<div class=\"elementor-element elementor-element-1e9ae22 elementor-hidden-tablet elementor-hidden-mobile e-flex e-con-boxed e-con e-parent\" data-id=\"1e9ae22\" data-element_type=\"container\" data-settings=\"{&quot;jet_parallax_layout_list&quot;:[]}\">\n\t\t\t\t\t<div class=\"e-con-inner\">\n\t\t\t\t<div class=\"elementor-element elementor-element-0c51b99 elementor-tabs-view-horizontal elementor-widget elementor-widget-tabs\" data-id=\"0c51b99\" data-element_type=\"widget\" data-widget_type=\"tabs.default\">\n\t\t\t\t<div class=\"elementor-widget-container\">\n\t\t\t\t\t<div class=\"elementor-tabs\">\n\t\t\t<div class=\"elementor-tabs-wrapper\" role=\"tablist\" >\n\t\t\t\t\t\t\t\t\t<div id=\"elementor-tab-title-1291\" class=\"elementor-tab-title elementor-tab-desktop-title\" aria-selected=\"true\" data-tab=\"1\" role=\"tab\" tabindex=\"0\" aria-controls=\"elementor-tab-content-1291\" aria-expanded=\"false\">ZBIRKA ORU\u017dJA I VOJNE OPREME<\/div>\n\t\t\t\t\t\t\t\t\t<div id=\"elementor-tab-title-1292\" class=\"elementor-tab-title elementor-tab-desktop-title\" aria-selected=\"false\" data-tab=\"2\" role=\"tab\" tabindex=\"-1\" aria-controls=\"elementor-tab-content-1292\" aria-expanded=\"false\">ZBIRKA ODORA I VOJNIH UNIFORMI<\/div>\n\t\t\t\t\t\t\t\t\t<div id=\"elementor-tab-title-1293\" class=\"elementor-tab-title elementor-tab-desktop-title\" aria-selected=\"false\" data-tab=\"3\" role=\"tab\" tabindex=\"-1\" aria-controls=\"elementor-tab-content-1293\" aria-expanded=\"false\">ZBIRKA VOJNIH OZNAKA I ZASTAVA<\/div>\n\t\t\t\t\t\t\t\t\t<div id=\"elementor-tab-title-1294\" class=\"elementor-tab-title elementor-tab-desktop-title\" aria-selected=\"false\" data-tab=\"4\" role=\"tab\" tabindex=\"-1\" aria-controls=\"elementor-tab-content-1294\" aria-expanded=\"false\">ZBIRKA BRODOSPLIT<\/div>\n\t\t\t\t\t\t\t<\/div>\n\t\t\t<div class=\"elementor-tabs-content-wrapper\" role=\"tablist\" aria-orientation=\"vertical\">\n\t\t\t\t\t\t\t\t\t<div class=\"elementor-tab-title elementor-tab-mobile-title\" aria-selected=\"true\" data-tab=\"1\" role=\"tab\" tabindex=\"0\" aria-controls=\"elementor-tab-content-1291\" aria-expanded=\"false\">ZBIRKA ORU\u017dJA I VOJNE OPREME<\/div>\n\t\t\t\t\t<div id=\"elementor-tab-content-1291\" class=\"elementor-tab-content elementor-clearfix\" data-tab=\"1\" role=\"tabpanel\" aria-labelledby=\"elementor-tab-title-1291\" tabindex=\"0\" hidden=\"false\"><p style=\"text-align: justify;\">Muzej sustavno radi na prikupljanju oru\u017eja i vojne opreme kori\u0161tene tijekom Domovinskog rata. Izuzev Zbirke Brodosplit u kojoj su objedinjena minsko-eksplozivna sredstva proizvedena u pogonima Brodosplita, Muzej posjeduje jo\u0161 nekoliko reprezentativnih primjeraka pje\u0161a\u010dkog naoru\u017eanja i vojne opreme koji svjedo\u010de o slaboj opremljenosti hrvatskih branitelja na po\u010detku rata.<\/p><table><tbody><tr><td><img fetchpriority=\"high\" decoding=\"async\" class=\"alignleft wp-image-9566 size-large\" src=\"https:\/\/studioeditori.com\/mdrus_new\/wp-content\/uploads\/2024\/06\/TROMBLONSKA-MINA-1024x680.jpg\" alt=\"\" width=\"800\" height=\"531\" srcset=\"https:\/\/studioeditori.com\/mdrus_new\/wp-content\/uploads\/2024\/06\/TROMBLONSKA-MINA-1024x680.jpg 1024w, https:\/\/studioeditori.com\/mdrus_new\/wp-content\/uploads\/2024\/06\/TROMBLONSKA-MINA-300x199.jpg 300w, https:\/\/studioeditori.com\/mdrus_new\/wp-content\/uploads\/2024\/06\/TROMBLONSKA-MINA-768x510.jpg 768w, https:\/\/studioeditori.com\/mdrus_new\/wp-content\/uploads\/2024\/06\/TROMBLONSKA-MINA-1536x1020.jpg 1536w, https:\/\/studioeditori.com\/mdrus_new\/wp-content\/uploads\/2024\/06\/TROMBLONSKA-MINA-2048x1360.jpg 2048w\" sizes=\"(max-width: 800px) 100vw, 800px\" \/><\/td><td><h3>Tromblonska kumulativna mina (TKM) M60<\/h3><p>Na mini je ispisana posveta: \u201epoklon od 3. bojne Imotske Glumina 26. 04 1992 g\u201c. Pripadala je zapovjedniku 4. gardijske brigade, generalu Andriji Matija\u0161u Pauku. Po\u010detak Domovinskog rata obilje\u017een je manjkom oru\u017eja, a posebno nedostatkom te\u0161kog naoru\u017eanja poput topni\u0161tva i protuoklopnih sredstava. Tromblonska kumulativna mina M60 bila je namijenjena za uni\u0161tavanje svih vrsta oklopnih borbenih vozila, a mogla se upotrijebiti i za uni\u0161tavanje drugih motornih vozila, ru\u0161enje bunkera i utvr\u0111enih zgrada.<\/p><\/td><\/tr><tr><td><img decoding=\"async\" class=\"alignleft size-medium wp-image-9570\" src=\"https:\/\/studioeditori.com\/mdrus_new\/wp-content\/uploads\/2024\/06\/jurisna-puska-ceska-zbrojovka-SA-VZ-58-1-300x200.jpg\" alt=\"\" width=\"300\" height=\"200\" srcset=\"https:\/\/studioeditori.com\/mdrus_new\/wp-content\/uploads\/2024\/06\/jurisna-puska-ceska-zbrojovka-SA-VZ-58-1-300x200.jpg 300w, https:\/\/studioeditori.com\/mdrus_new\/wp-content\/uploads\/2024\/06\/jurisna-puska-ceska-zbrojovka-SA-VZ-58-1-1024x683.jpg 1024w, https:\/\/studioeditori.com\/mdrus_new\/wp-content\/uploads\/2024\/06\/jurisna-puska-ceska-zbrojovka-SA-VZ-58-1-768x512.jpg 768w, https:\/\/studioeditori.com\/mdrus_new\/wp-content\/uploads\/2024\/06\/jurisna-puska-ceska-zbrojovka-SA-VZ-58-1-1536x1024.jpg 1536w, https:\/\/studioeditori.com\/mdrus_new\/wp-content\/uploads\/2024\/06\/jurisna-puska-ceska-zbrojovka-SA-VZ-58-1-2048x1365.jpg 2048w\" sizes=\"(max-width: 300px) 100vw, 300px\" \/><\/td><td><h3>Juri\u0161na pu\u0161ka \u010ce\u0161ka zbrojovka SA VZ 58 v<\/h3><p>Pu\u0161ka koja je bila dio naoru\u017eanja Hrvatske vojske tijekom Domovinskog rata pripadala je Goranu Kli\u0161ki\u0107u, hrvatskom branitelju i zapovjednik diverzantske skupine 4. gardijske brigade OSRH. Proizvedena je 1964. godine, a ina\u010de, ovaj tip juri\u0161ne pu\u0161ke po\u010deo se proizvoditi kasnih pedesetih godina 20. stolje\u0107a pod nazivom 7,62mm samopal vzor 58 (automatska pu\u0161ka model 58). Iako sli\u010dna ruskom AK-47 modelu, radi se o tehnolo\u0161ki sasvim razli\u010ditoj pu\u0161ci. \u010ce\u0161ka pu\u0161ka koristi plinski klip kratkog hoda. Oznaka \u201ev\u201c ozna\u010dava da se radi o modelu s preklopivim metalnim kundakom koji je prvenstveno namijenjen zra\u010dno-desantskim snagama.<\/p><\/td><\/tr><tr><td><img decoding=\"async\" class=\"alignleft size-medium wp-image-9565\" src=\"https:\/\/studioeditori.com\/mdrus_new\/wp-content\/uploads\/2024\/06\/pistolj-tanfoglio-gardone-002-300x228.jpg\" alt=\"\" width=\"300\" height=\"228\" srcset=\"https:\/\/studioeditori.com\/mdrus_new\/wp-content\/uploads\/2024\/06\/pistolj-tanfoglio-gardone-002-300x228.jpg 300w, https:\/\/studioeditori.com\/mdrus_new\/wp-content\/uploads\/2024\/06\/pistolj-tanfoglio-gardone-002-1024x779.jpg 1024w, https:\/\/studioeditori.com\/mdrus_new\/wp-content\/uploads\/2024\/06\/pistolj-tanfoglio-gardone-002-768x584.jpg 768w, https:\/\/studioeditori.com\/mdrus_new\/wp-content\/uploads\/2024\/06\/pistolj-tanfoglio-gardone-002-1536x1168.jpg 1536w, https:\/\/studioeditori.com\/mdrus_new\/wp-content\/uploads\/2024\/06\/pistolj-tanfoglio-gardone-002-2048x1558.jpg 2048w\" sizes=\"(max-width: 300px) 100vw, 300px\" \/><\/td><td><h3>Pi\u0161tolj Tanfoglio Gardone<\/h3><p>Pi\u0161tolj Tanfoglio Gardone kalibra 9mm para pripadao je Goranu Kli\u0161ki\u0107u koji je bio hrvatski branitelj i zapovjednik diverzantske skupine 4. gardijske brigade OSRH. Tvrtka Fratellli Tanfoglio S.P.A. je talijanska tvrtka koja proizvodi vatreno oru\u017eje. Model TZ 75 njihova je kopija \u010de\u0161kog CZ 75, poluautomatskog pi\u0161tolja dvostrukog djelovanja.<\/p><\/td><\/tr><tr><td><img loading=\"lazy\" decoding=\"async\" class=\"alignleft size-medium wp-image-9572\" src=\"https:\/\/studioeditori.com\/mdrus_new\/wp-content\/uploads\/2024\/06\/komplet-za-jelo-300x214.jpg\" alt=\"\" width=\"300\" height=\"214\" srcset=\"https:\/\/studioeditori.com\/mdrus_new\/wp-content\/uploads\/2024\/06\/komplet-za-jelo-300x214.jpg 300w, https:\/\/studioeditori.com\/mdrus_new\/wp-content\/uploads\/2024\/06\/komplet-za-jelo-1024x731.jpg 1024w, https:\/\/studioeditori.com\/mdrus_new\/wp-content\/uploads\/2024\/06\/komplet-za-jelo-768x548.jpg 768w, https:\/\/studioeditori.com\/mdrus_new\/wp-content\/uploads\/2024\/06\/komplet-za-jelo-1536x1096.jpg 1536w, https:\/\/studioeditori.com\/mdrus_new\/wp-content\/uploads\/2024\/06\/komplet-za-jelo-2048x1461.jpg 2048w\" sizes=\"(max-width: 300px) 100vw, 300px\" \/><\/td><td><h3>Vojni komplet za jelo s priborom<\/h3><p>Vojni komplet za jelo s priborom koji se koristio u JNA, ali je kori\u0161ten i u Domovinskom ratu. Ovaj vojni komplet koristio je Damir Vladu\u0161i\u0107, pripadnik 141. brigade HV. Komplet se sastoji od pet dijelova koji se uklapaju jedan u drugi (torbica, aluminijska posuda s preklopnom dr\u0161kom, plasti\u010dna \u010dutura za vodu, velika posuda za jelo, mala plasti\u010dna posuda za pi\u0107e) i pribora za jelo od inoxa (vilica, \u017elica i no\u017e s otvara\u010dem za konzerve).<\/p><\/td><\/tr><\/tbody><\/table><h3>\u00a0<\/h3><\/div>\n\t\t\t\t\t\t\t\t\t<div class=\"elementor-tab-title elementor-tab-mobile-title\" aria-selected=\"false\" data-tab=\"2\" role=\"tab\" tabindex=\"-1\" aria-controls=\"elementor-tab-content-1292\" aria-expanded=\"false\">ZBIRKA ODORA I VOJNIH UNIFORMI<\/div>\n\t\t\t\t\t<div id=\"elementor-tab-content-1292\" class=\"elementor-tab-content elementor-clearfix\" data-tab=\"2\" role=\"tabpanel\" aria-labelledby=\"elementor-tab-title-1292\" tabindex=\"0\" hidden=\"hidden\"><p style=\"text-align: justify;\">U fundusu Muzeja Domovinskog rata u Splitu nalazi se bogata zbirka vojnih odora i uniformi. Veliki dio te zbirke prikupljen je putem donacija osoba koje su bili pripadnici Hrvatske vojske te nam svjedo\u010di o ratnom putu osobe koja ju je nosila.<\/p><p style=\"text-align: justify;\">Na po\u010detku Domovinskog rata hrvatski branitelji, osim \u0161to nisu raspolagali zavidnim oru\u017ejem i vojnom opremom, nisu imali ni standardizirane vojne uniforme i obu\u0107u. To se mo\u017ee vidjeti i na maskirnim uniformama iz donacije Kli\u0161ki\u0107. Me\u0111u njima je nekoliko maskirnih majica, ko\u0161ulja, hla\u010da i borbenih prsluka, a na svima je oznaka razli\u010ditog proizvo\u0111a\u010da iz \u010dega se da zaklju\u010diti da se oprema nabavljala na razne na\u010dine i iz razli\u010ditih izvora.<\/p><table><tbody><tr><td><img loading=\"lazy\" decoding=\"async\" class=\"alignleft wp-image-9573 size-large\" src=\"https:\/\/studioeditori.com\/mdrus_new\/wp-content\/uploads\/2024\/06\/maskirna-vojna-jakna-kliskic-961x1024.jpg\" alt=\"\" width=\"800\" height=\"852\" srcset=\"https:\/\/studioeditori.com\/mdrus_new\/wp-content\/uploads\/2024\/06\/maskirna-vojna-jakna-kliskic-961x1024.jpg 961w, https:\/\/studioeditori.com\/mdrus_new\/wp-content\/uploads\/2024\/06\/maskirna-vojna-jakna-kliskic-281x300.jpg 281w, https:\/\/studioeditori.com\/mdrus_new\/wp-content\/uploads\/2024\/06\/maskirna-vojna-jakna-kliskic-768x818.jpg 768w, https:\/\/studioeditori.com\/mdrus_new\/wp-content\/uploads\/2024\/06\/maskirna-vojna-jakna-kliskic-1441x1536.jpg 1441w, https:\/\/studioeditori.com\/mdrus_new\/wp-content\/uploads\/2024\/06\/maskirna-vojna-jakna-kliskic-1922x2048.jpg 1922w\" sizes=\"(max-width: 800px) 100vw, 800px\" \/><\/td><td><h3>Maskirna vojna ko\u0161ulja<\/h3><p>Maskirna vojna ko\u0161ulja pripadala je Goranu Kli\u0161ki\u0107u. Na ko\u0161ulji nema oznaka, ni etikete proizvo\u0111a\u010da.<\/p><\/td><\/tr><tr><td><img loading=\"lazy\" decoding=\"async\" class=\"alignleft size-medium wp-image-9568\" src=\"https:\/\/studioeditori.com\/mdrus_new\/wp-content\/uploads\/2024\/06\/JAKNA-krsticevic-50.1-300x187.jpg\" alt=\"\" width=\"300\" height=\"187\" srcset=\"https:\/\/studioeditori.com\/mdrus_new\/wp-content\/uploads\/2024\/06\/JAKNA-krsticevic-50.1-300x187.jpg 300w, https:\/\/studioeditori.com\/mdrus_new\/wp-content\/uploads\/2024\/06\/JAKNA-krsticevic-50.1-1024x640.jpg 1024w, https:\/\/studioeditori.com\/mdrus_new\/wp-content\/uploads\/2024\/06\/JAKNA-krsticevic-50.1-768x480.jpg 768w, https:\/\/studioeditori.com\/mdrus_new\/wp-content\/uploads\/2024\/06\/JAKNA-krsticevic-50.1-1536x960.jpg 1536w, https:\/\/studioeditori.com\/mdrus_new\/wp-content\/uploads\/2024\/06\/JAKNA-krsticevic-50.1-2048x1279.jpg 2048w\" sizes=\"(max-width: 300px) 100vw, 300px\" \/><\/td><td><h3>Maskirna vojna jakna<\/h3><p>Maskirna vojna jakna koja je pripadala generalu \u2013 bojniku Damiru Krsti\u010devi\u0107u koji je tijekom rata bio zapovjednik 115. brigade Hrvatske vojske (tzv. Imotske) i zapovjednik 4. gardijske brigade. Na desnoj strani jakne nalazi se oznaka 4. gardijske brigade, a na lijevoj oznaka Hrvatske vojske. Jakna je proizvedena u Knoxvilleu, u ameri\u010dkoj saveznoj dr\u017eavi Tennessee.<\/p><\/td><\/tr><tr><td><img loading=\"lazy\" decoding=\"async\" class=\"alignleft size-medium wp-image-9569\" src=\"https:\/\/studioeditori.com\/mdrus_new\/wp-content\/uploads\/2024\/06\/jakna-Vladusic-277x300.jpg\" alt=\"\" width=\"277\" height=\"300\" srcset=\"https:\/\/studioeditori.com\/mdrus_new\/wp-content\/uploads\/2024\/06\/jakna-Vladusic-277x300.jpg 277w, https:\/\/studioeditori.com\/mdrus_new\/wp-content\/uploads\/2024\/06\/jakna-Vladusic-945x1024.jpg 945w, https:\/\/studioeditori.com\/mdrus_new\/wp-content\/uploads\/2024\/06\/jakna-Vladusic-768x832.jpg 768w, https:\/\/studioeditori.com\/mdrus_new\/wp-content\/uploads\/2024\/06\/jakna-Vladusic-1418x1536.jpg 1418w, https:\/\/studioeditori.com\/mdrus_new\/wp-content\/uploads\/2024\/06\/jakna-Vladusic-1890x2048.jpg 1890w\" sizes=\"(max-width: 277px) 100vw, 277px\" \/><\/td><td><h3>Maskirna vojna ko\u0161ulja<\/h3><p>Maskirna vojna jakna koju je donirao Damir Vladu\u0161i\u0107, pripadnik 141. brigade. Ona je dio uniforme u kojoj je ranjen 13.8.1995. godine kod Vidovi\u0107a glave. Na lijevom rukavu nalazi se grb i oznaka Hrvatske vojske.<\/p><\/td><\/tr><tr><td><img loading=\"lazy\" decoding=\"async\" class=\"alignleft size-medium wp-image-9571\" src=\"https:\/\/studioeditori.com\/mdrus_new\/wp-content\/uploads\/2024\/06\/kapa-Simac-300x215.jpg\" alt=\"\" width=\"300\" height=\"215\" srcset=\"https:\/\/studioeditori.com\/mdrus_new\/wp-content\/uploads\/2024\/06\/kapa-Simac-300x215.jpg 300w, https:\/\/studioeditori.com\/mdrus_new\/wp-content\/uploads\/2024\/06\/kapa-Simac-1024x733.jpg 1024w, https:\/\/studioeditori.com\/mdrus_new\/wp-content\/uploads\/2024\/06\/kapa-Simac-768x550.jpg 768w, https:\/\/studioeditori.com\/mdrus_new\/wp-content\/uploads\/2024\/06\/kapa-Simac-1536x1100.jpg 1536w, https:\/\/studioeditori.com\/mdrus_new\/wp-content\/uploads\/2024\/06\/kapa-Simac-2048x1467.jpg 2048w\" sizes=\"(max-width: 300px) 100vw, 300px\" \/><\/td><td><h3>\u010casni\u010dka kapa<\/h3><p>\u010casni\u010dka kapa koja je pripadala Petru \u0160imcu, prvom zapovjedniku Zapovjedni\u0161tva za obranu sjeverne i srednje Dalmacije. Kapa je crne boje, na njoj se isti\u010de grb Hrvatske kopnene vojske te ima oznaku vi\u0161eg \u010dasnika. Proizvela ju je tvrtka \u201e\u0160e\u0161ir\u201c iz Zagreba.<\/p><\/td><\/tr><\/tbody><\/table><\/div>\n\t\t\t\t\t\t\t\t\t<div class=\"elementor-tab-title elementor-tab-mobile-title\" aria-selected=\"false\" data-tab=\"3\" role=\"tab\" tabindex=\"-1\" aria-controls=\"elementor-tab-content-1293\" aria-expanded=\"false\">ZBIRKA VOJNIH OZNAKA I ZASTAVA<\/div>\n\t\t\t\t\t<div id=\"elementor-tab-content-1293\" class=\"elementor-tab-content elementor-clearfix\" data-tab=\"3\" role=\"tabpanel\" aria-labelledby=\"elementor-tab-title-1293\" tabindex=\"0\" hidden=\"hidden\"><p style=\"text-align: justify;\">Vojne oznake postrojbi slu\u017ee kao sustav raspoznavanja me\u0111u vojnicima i pokazatelj su pripadnosti odre\u0111enoj postrojbi. U Domovinskom ratu one su se razvijale postepeno na na\u010din da su branitelji najprije sami po\u010deli izra\u0111ivati razne oznake svojih postrojbi. U po\u010detku su to bile neslu\u017ebene oznake ili ru\u010dno ra\u0111ene oznake koje su izra\u0111ivale supruge i majke branitelja te \u010dasne sestre. Kasnije su neke od tih oznaka slu\u017ebeno prihva\u0107ene.<\/p><table><tbody><tr><td><img loading=\"lazy\" decoding=\"async\" class=\"alignleft wp-image-9561 size-large\" src=\"https:\/\/studioeditori.com\/mdrus_new\/wp-content\/uploads\/2024\/06\/oznaka-4.-gardijska-899x1024.jpg\" alt=\"\" width=\"800\" height=\"911\" srcset=\"https:\/\/studioeditori.com\/mdrus_new\/wp-content\/uploads\/2024\/06\/oznaka-4.-gardijska-899x1024.jpg 899w, https:\/\/studioeditori.com\/mdrus_new\/wp-content\/uploads\/2024\/06\/oznaka-4.-gardijska-263x300.jpg 263w, https:\/\/studioeditori.com\/mdrus_new\/wp-content\/uploads\/2024\/06\/oznaka-4.-gardijska-768x875.jpg 768w, https:\/\/studioeditori.com\/mdrus_new\/wp-content\/uploads\/2024\/06\/oznaka-4.-gardijska-1348x1536.jpg 1348w, https:\/\/studioeditori.com\/mdrus_new\/wp-content\/uploads\/2024\/06\/oznaka-4.-gardijska-1797x2048.jpg 1797w, https:\/\/studioeditori.com\/mdrus_new\/wp-content\/uploads\/2024\/06\/oznaka-4.-gardijska.jpg 1936w\" sizes=\"(max-width: 800px) 100vw, 800px\" \/><\/td><td><h3>Narukavna oznaka \u201eZNG 4. brigada\u201c<\/h3><p>Narukavna oznaka \u201eZNG 4. brigada\u201c na kojoj su u sredi\u0161tu prikazana tri lava (simbol Dalmacije) od kojih svaki dr\u017ei ma\u010d. Oni su uklju\u010deni kao glavni element znaka postrojbe zato \u0161to se brigada mobilizirala na \u0161irem podru\u010dju Splita. Lavovi kora\u010daju jedan prema drugom \u0161to simbolizira zajedni\u0161tvo, a njihovi uzdignuti ma\u010devi simbol su aktivne obrane. Ispod njih se nalazi hrvatski grb (\u0161ahovnica) i latinski natpis: IN HOC SIGNO VINCES, ispisan na vrpci.<\/p><\/td><\/tr><tr><td><img loading=\"lazy\" decoding=\"async\" class=\"alignleft size-medium wp-image-9560\" src=\"https:\/\/studioeditori.com\/mdrus_new\/wp-content\/uploads\/2024\/06\/oznaka-4-gardijska-pauci-257x300.jpg\" alt=\"\" width=\"257\" height=\"300\" srcset=\"https:\/\/studioeditori.com\/mdrus_new\/wp-content\/uploads\/2024\/06\/oznaka-4-gardijska-pauci-257x300.jpg 257w, https:\/\/studioeditori.com\/mdrus_new\/wp-content\/uploads\/2024\/06\/oznaka-4-gardijska-pauci-876x1024.jpg 876w, https:\/\/studioeditori.com\/mdrus_new\/wp-content\/uploads\/2024\/06\/oznaka-4-gardijska-pauci-768x898.jpg 768w, https:\/\/studioeditori.com\/mdrus_new\/wp-content\/uploads\/2024\/06\/oznaka-4-gardijska-pauci-1314x1536.jpg 1314w, https:\/\/studioeditori.com\/mdrus_new\/wp-content\/uploads\/2024\/06\/oznaka-4-gardijska-pauci.jpg 1642w\" sizes=\"(max-width: 257px) 100vw, 257px\" \/><\/td><td><h3>Narukavna oznaka \u201e4. gardijska brigada Pauci\u201c<\/h3><p>Narukavna oznaka \u201e4. gardijska brigada Pauci\u201c koja predstavlja evoluciju prethodne oznake iz 1991. godine. Na njoj se prikaz lava nalazi na paukovoj mre\u017ei koja je dodana na grb 1995. godine u \u010dast poginulom zapovjedniku oklopne bojne 4. gardijske brigade, Andriji Matija\u0161u Pauku po kojem je brigada i dobila nadimak \u201ePauci\u201c.<\/p><\/td><\/tr><tr><td><img loading=\"lazy\" decoding=\"async\" class=\"alignleft size-medium wp-image-9562\" src=\"https:\/\/studioeditori.com\/mdrus_new\/wp-content\/uploads\/2024\/06\/oznaka-ZNG-227x300.jpg\" alt=\"\" width=\"227\" height=\"300\" srcset=\"https:\/\/studioeditori.com\/mdrus_new\/wp-content\/uploads\/2024\/06\/oznaka-ZNG-227x300.jpg 227w, https:\/\/studioeditori.com\/mdrus_new\/wp-content\/uploads\/2024\/06\/oznaka-ZNG-774x1024.jpg 774w, https:\/\/studioeditori.com\/mdrus_new\/wp-content\/uploads\/2024\/06\/oznaka-ZNG-768x1017.jpg 768w, https:\/\/studioeditori.com\/mdrus_new\/wp-content\/uploads\/2024\/06\/oznaka-ZNG-1160x1536.jpg 1160w, https:\/\/studioeditori.com\/mdrus_new\/wp-content\/uploads\/2024\/06\/oznaka-ZNG-1547x2048.jpg 1547w, https:\/\/studioeditori.com\/mdrus_new\/wp-content\/uploads\/2024\/06\/oznaka-ZNG.jpg 1675w\" sizes=\"(max-width: 227px) 100vw, 227px\" \/><\/td><td><h3>Oznaka Zbora narodne garde<\/h3><p>Oznaka Zbora narodne garde Republike Hrvatske nastala 1991. godine u Zagrebu. Na maslinastoj pozadini nalazi se hrvatski grb uokviren zlatnim pleterom. Ispod grba nalaze se dvije ukr\u0161tene pu\u0161ke i natpis \u201eZNG RH\u201c.<\/p><\/td><\/tr><\/tbody><\/table><\/div>\n\t\t\t\t\t\t\t\t\t<div class=\"elementor-tab-title elementor-tab-mobile-title\" aria-selected=\"false\" data-tab=\"4\" role=\"tab\" tabindex=\"-1\" aria-controls=\"elementor-tab-content-1294\" aria-expanded=\"false\">ZBIRKA BRODOSPLIT<\/div>\n\t\t\t\t\t<div id=\"elementor-tab-content-1294\" class=\"elementor-tab-content elementor-clearfix\" data-tab=\"4\" role=\"tabpanel\" aria-labelledby=\"elementor-tab-title-1294\" tabindex=\"0\" hidden=\"hidden\"><p style=\"text-align: justify;\">Budu\u0107i da je u prolje\u0107e 1991. godine postalo jasno da se sprema oru\u017eana agresija na Hrvatsku te da \u0107e biti prijeko potrebno naoru\u017eati i stvoriti Hrvatsku vojsku, u Brodosplitu je pokrenuta inicijativa da se formira tim koji \u0107e raditi na konstruiranju i proizvodnji naoru\u017eanja za hrvatske dragovoljce. Tako je u splitskom \u0161kveru formiran tim zadu\u017een za izradu minsko-eksplozivnih sredstava i oklopnih vozila, a dobio je ime PGB tim (po po\u010detnim slovima imena in\u017eenjera i pirotehni\u010dara koji su ga \u010dinili &#8211; Pavle Ka\u0107anski, Goran Belas i Boris Bili\u0107). Pred njima se nalazio velik izazov \u2013 imali su skromno vojno znanje i ograni\u010dene koli\u010dine sirovina i materijala te su u hodu u\u010dili i improvizirali kako bi na prve crte boji\u0161ta isporu\u010dili kvalitetne proizvode. Zajedno s ostalim \u0161kverskim radnicima, od po\u010detka proizvodnje 1991. pa sve do svibnja 1995. godine, izradili su velik broj ru\u010dnih bombi i drugog naoru\u017eanja. To je za hrvatske branitelje koji su u Domovinski rat u\u0161li sa skromnim naoru\u017eanjem i vojnom tehnikom bilo od velikog zna\u010daja ponajvi\u0161e jer je pridonijelo dizanju morala i \u0161irenju optimizma.<\/p><table><tbody><tr><td><img loading=\"lazy\" decoding=\"async\" class=\"alignleft wp-image-9563 size-large\" src=\"https:\/\/studioeditori.com\/mdrus_new\/wp-content\/uploads\/2024\/06\/PGB.RB_.01-SKVERANKA-2-683x1024.jpg\" alt=\"\" width=\"683\" height=\"1024\" srcset=\"https:\/\/studioeditori.com\/mdrus_new\/wp-content\/uploads\/2024\/06\/PGB.RB_.01-SKVERANKA-2-683x1024.jpg 683w, https:\/\/studioeditori.com\/mdrus_new\/wp-content\/uploads\/2024\/06\/PGB.RB_.01-SKVERANKA-2-200x300.jpg 200w, https:\/\/studioeditori.com\/mdrus_new\/wp-content\/uploads\/2024\/06\/PGB.RB_.01-SKVERANKA-2-768x1152.jpg 768w, https:\/\/studioeditori.com\/mdrus_new\/wp-content\/uploads\/2024\/06\/PGB.RB_.01-SKVERANKA-2-1024x1536.jpg 1024w, https:\/\/studioeditori.com\/mdrus_new\/wp-content\/uploads\/2024\/06\/PGB.RB_.01-SKVERANKA-2-1365x2048.jpg 1365w, https:\/\/studioeditori.com\/mdrus_new\/wp-content\/uploads\/2024\/06\/PGB.RB_.01-SKVERANKA-2-scaled.jpg 1707w\" sizes=\"(max-width: 683px) 100vw, 683px\" \/><\/td><td><h3>Ru\u010dna bomba \u201e\u0160kveranka\u201c \u2013 prvi model<\/h3><p>Prvi model ru\u010dne bombe \u201e\u0160kveranke\u201c PGB.RB.01 bio je najve\u0107ih dimenzija i imao je ru\u010dni fitilj. U po\u010detku su se \u201e\u0160kveranke\u201c punile privrednim eksplozivom amonalom, dok je kasnije kori\u0161ten trotil, zbog stabilnosti i ve\u0107e razorne mo\u0107i. Izra\u0111ivale su se po zadanom nacrtu PGB tima od termi\u010dki obra\u0111enog \u010delika na CNC stroju. Modeli s ru\u010dnim fitiljem te\u017eili su oko 1,5 kg i bili su velikih dimenzija \u0161to ih je \u010dinilo neprakti\u010dnima za upotrebu na boji\u0161tu. Budu\u0107i da je zbog te\u017eine nije bilo mogu\u0107e baciti na veliku udaljenost, bomba je predstavljala opasnost ne samo za neprijatelja, ve\u0107 i za onoga tko je koristi.<\/p><\/td><\/tr><tr><td><img loading=\"lazy\" decoding=\"async\" class=\"alignleft size-medium wp-image-9564\" src=\"https:\/\/studioeditori.com\/mdrus_new\/wp-content\/uploads\/2024\/06\/PGB.RB_.02-SKVERANKA-2-300x298.jpg\" alt=\"\" width=\"300\" height=\"298\" srcset=\"https:\/\/studioeditori.com\/mdrus_new\/wp-content\/uploads\/2024\/06\/PGB.RB_.02-SKVERANKA-2-300x298.jpg 300w, https:\/\/studioeditori.com\/mdrus_new\/wp-content\/uploads\/2024\/06\/PGB.RB_.02-SKVERANKA-2-1024x1017.jpg 1024w, https:\/\/studioeditori.com\/mdrus_new\/wp-content\/uploads\/2024\/06\/PGB.RB_.02-SKVERANKA-2-150x150.jpg 150w, https:\/\/studioeditori.com\/mdrus_new\/wp-content\/uploads\/2024\/06\/PGB.RB_.02-SKVERANKA-2-768x763.jpg 768w, https:\/\/studioeditori.com\/mdrus_new\/wp-content\/uploads\/2024\/06\/PGB.RB_.02-SKVERANKA-2-1536x1525.jpg 1536w, https:\/\/studioeditori.com\/mdrus_new\/wp-content\/uploads\/2024\/06\/PGB.RB_.02-SKVERANKA-2-2048x2033.jpg 2048w\" sizes=\"(max-width: 300px) 100vw, 300px\" \/><\/td><td><h3>Ru\u010dna bomba \u201e\u0160kveranka\u201c \u2013 drugi model<\/h3><p>Uvidjev\u0161i nedostatke prvog modela PGB.RB.01 PGB, PGB tim je pristupio konstrukciji modela PGB.RB.02. Ovaj model sastojao se od istih dijelova kao i model PGB.RB.01 \u2013 eksplozivno punjenje unutar \u010deli\u010dne ko\u0161uljice, gornjeg i donjeg \u010depa te sklopa upalja\u010da. Razlika je bila u dimenzijama, te\u017eini i vrsti upalja\u010da. \u201e\u0160kveranka\u201c modela PGB.RB.02 bila je manja, lak\u0161a, imala je klasi\u010dni upalja\u010d i punjenje od trotila. \u201e\u0160kveranke\u201c su, kao i svi ostali proizvodi napravljeni tada u Brodosplitu, testirane po strogim NATO standardima. Testirane su na tre\u0161nju, vlagu, temperature od -50 do 56 \u00b0C te pad s visine od 2 metra.<\/p><\/td><\/tr><tr><td><img loading=\"lazy\" decoding=\"async\" class=\"alignleft size-medium wp-image-9567\" src=\"https:\/\/studioeditori.com\/mdrus_new\/wp-content\/uploads\/2024\/06\/Fragmentacija-rucnih-bombi-PGB-300x214.jpg\" alt=\"\" width=\"300\" height=\"214\" srcset=\"https:\/\/studioeditori.com\/mdrus_new\/wp-content\/uploads\/2024\/06\/Fragmentacija-rucnih-bombi-PGB-300x214.jpg 300w, https:\/\/studioeditori.com\/mdrus_new\/wp-content\/uploads\/2024\/06\/Fragmentacija-rucnih-bombi-PGB-1024x731.jpg 1024w, https:\/\/studioeditori.com\/mdrus_new\/wp-content\/uploads\/2024\/06\/Fragmentacija-rucnih-bombi-PGB-768x548.jpg 768w, https:\/\/studioeditori.com\/mdrus_new\/wp-content\/uploads\/2024\/06\/Fragmentacija-rucnih-bombi-PGB-1536x1097.jpg 1536w, https:\/\/studioeditori.com\/mdrus_new\/wp-content\/uploads\/2024\/06\/Fragmentacija-rucnih-bombi-PGB-2048x1462.jpg 2048w\" sizes=\"(max-width: 300px) 100vw, 300px\" \/><\/td><td><h3>Fragmentacija ru\u010dnih bombi PGB<\/h3><p>Fragmentacija ru\u010dnih bombi PGB dio je naoru\u017eanja koje je devedesetih godina 20. stolje\u0107a izra\u0111eno u splitskom \u0161kveru za potrebe ZNG-a, odnosno Hrvatske vojske u Domovinskom ratu. PGB ru\u010dne bombe testirane su na tre\u0161nju, vlagu, temperature od -50 do 56\u00b0C te pad s visine od 2 metra. PGB je provodio i test u\u010dinkovitosti, odnosno proboja \u201e\u0160kveranke\u201c. Nakon eksplozije PGB tim je izbrojao proboje na svakoj \u010detvrtini kru\u017enice i ustanovio da proboj u 3. i 4. sektoru iznosi 60-65% dok su uvjeti po NATO standardima za te udaljenosti bili 22-25% proboja. Komadi\u0107i eksplodiranih bombi zalijepljeni su na kartonski papir kako bi se prikazala njihova u\u010dinkovitost, a na njemu su i ru\u010dno ispisani podaci ispitivanja.<\/p><\/td><\/tr><\/tbody><\/table><\/div>\n\t\t\t\t\t\t\t<\/div>\n\t\t<\/div>\n\t\t\t\t<\/div>\n\t\t\t\t<\/div>\n\t\t\t\t\t<\/div>\n\t\t\t\t<\/div>\n\t\t<div class=\"elementor-element elementor-element-7b3c889 elementor-hidden-desktop e-flex e-con-boxed e-con e-parent\" data-id=\"7b3c889\" data-element_type=\"container\" data-settings=\"{&quot;jet_parallax_layout_list&quot;:[]}\">\n\t\t\t\t\t<div class=\"e-con-inner\">\n\t\t\t\t<div class=\"elementor-element elementor-element-0fb88b1 elementor-tabs-view-horizontal elementor-widget elementor-widget-tabs\" data-id=\"0fb88b1\" data-element_type=\"widget\" data-widget_type=\"tabs.default\">\n\t\t\t\t<div class=\"elementor-widget-container\">\n\t\t\t\t\t<div class=\"elementor-tabs\">\n\t\t\t<div class=\"elementor-tabs-wrapper\" role=\"tablist\" >\n\t\t\t\t\t\t\t\t\t<div id=\"elementor-tab-title-1641\" class=\"elementor-tab-title elementor-tab-desktop-title\" aria-selected=\"true\" data-tab=\"1\" role=\"tab\" tabindex=\"0\" aria-controls=\"elementor-tab-content-1641\" aria-expanded=\"false\">ZBIRKA ORU\u017dJA I VOJNE OPREME<\/div>\n\t\t\t\t\t\t\t\t\t<div id=\"elementor-tab-title-1642\" class=\"elementor-tab-title elementor-tab-desktop-title\" aria-selected=\"false\" data-tab=\"2\" role=\"tab\" tabindex=\"-1\" aria-controls=\"elementor-tab-content-1642\" aria-expanded=\"false\">ZBIRKA ODORA I VOJNIH UNIFORMI<\/div>\n\t\t\t\t\t\t\t\t\t<div id=\"elementor-tab-title-1643\" class=\"elementor-tab-title elementor-tab-desktop-title\" aria-selected=\"false\" data-tab=\"3\" role=\"tab\" tabindex=\"-1\" aria-controls=\"elementor-tab-content-1643\" aria-expanded=\"false\">ZBIRKA VOJNIH OZNAKA I ZASTAVA<\/div>\n\t\t\t\t\t\t\t\t\t<div id=\"elementor-tab-title-1644\" class=\"elementor-tab-title elementor-tab-desktop-title\" aria-selected=\"false\" data-tab=\"4\" role=\"tab\" tabindex=\"-1\" aria-controls=\"elementor-tab-content-1644\" aria-expanded=\"false\">ZBIRKA BRODOSPLIT<\/div>\n\t\t\t\t\t\t\t<\/div>\n\t\t\t<div class=\"elementor-tabs-content-wrapper\" role=\"tablist\" aria-orientation=\"vertical\">\n\t\t\t\t\t\t\t\t\t<div class=\"elementor-tab-title elementor-tab-mobile-title\" aria-selected=\"true\" data-tab=\"1\" role=\"tab\" tabindex=\"0\" aria-controls=\"elementor-tab-content-1641\" aria-expanded=\"false\">ZBIRKA ORU\u017dJA I VOJNE OPREME<\/div>\n\t\t\t\t\t<div id=\"elementor-tab-content-1641\" class=\"elementor-tab-content elementor-clearfix\" data-tab=\"1\" role=\"tabpanel\" aria-labelledby=\"elementor-tab-title-1641\" tabindex=\"0\" hidden=\"false\"><p style=\"text-align: justify;\">Muzej sustavno radi na prikupljanju oru\u017eja i vojne opreme kori\u0161tene tijekom Domovinskog rata. Izuzev Zbirke Brodosplit u kojoj su objedinjena minsko-eksplozivna sredstva proizvedena u pogonima Brodosplita, Muzej posjeduje jo\u0161 nekoliko reprezentativnih primjeraka pje\u0161a\u010dkog naoru\u017eanja i vojne opreme koji svjedo\u010de o slaboj opremljenosti hrvatskih branitelja na po\u010detku rata.<\/p><p>\u00a0<\/p><table><tbody><tr><td><br \/><h3>Tromblonska kumulativna mina (TKM) M60<\/h3><h3><img loading=\"lazy\" decoding=\"async\" class=\"wp-image-9566 size-medium aligncenter\" src=\"https:\/\/studioeditori.com\/mdrus_new\/wp-content\/uploads\/2024\/06\/TROMBLONSKA-MINA-300x199.jpg\" alt=\"\" width=\"300\" height=\"199\" srcset=\"https:\/\/studioeditori.com\/mdrus_new\/wp-content\/uploads\/2024\/06\/TROMBLONSKA-MINA-300x199.jpg 300w, https:\/\/studioeditori.com\/mdrus_new\/wp-content\/uploads\/2024\/06\/TROMBLONSKA-MINA-1024x680.jpg 1024w, https:\/\/studioeditori.com\/mdrus_new\/wp-content\/uploads\/2024\/06\/TROMBLONSKA-MINA-768x510.jpg 768w, https:\/\/studioeditori.com\/mdrus_new\/wp-content\/uploads\/2024\/06\/TROMBLONSKA-MINA-1536x1020.jpg 1536w, https:\/\/studioeditori.com\/mdrus_new\/wp-content\/uploads\/2024\/06\/TROMBLONSKA-MINA-2048x1360.jpg 2048w\" sizes=\"(max-width: 300px) 100vw, 300px\" \/><\/h3><p>Na mini je ispisana posveta: \u201epoklon od 3. bojne Imotske Glumina 26. 04 1992 g\u201c. Pripadala je zapovjedniku 4. gardijske brigade, generalu Andriji Matija\u0161u Pauku. Po\u010detak Domovinskog rata obilje\u017een je manjkom oru\u017eja, a posebno nedostatkom te\u0161kog naoru\u017eanja poput topni\u0161tva i protuoklopnih sredstava. Tromblonska kumulativna mina M60 bila je namijenjena za uni\u0161tavanje svih vrsta oklopnih borbenih vozila, a mogla se upotrijebiti i za uni\u0161tavanje drugih motornih vozila, ru\u0161enje bunkera i utvr\u0111enih zgrada.<\/p><\/td><\/tr><tr><td><br \/><h3>Juri\u0161na pu\u0161ka \u010ce\u0161ka zbrojovka SA VZ 58 v<\/h3><h3><img loading=\"lazy\" decoding=\"async\" class=\"size-medium wp-image-9570 aligncenter\" src=\"https:\/\/studioeditori.com\/mdrus_new\/wp-content\/uploads\/2024\/06\/jurisna-puska-ceska-zbrojovka-SA-VZ-58-1-300x200.jpg\" alt=\"\" width=\"300\" height=\"200\" srcset=\"https:\/\/studioeditori.com\/mdrus_new\/wp-content\/uploads\/2024\/06\/jurisna-puska-ceska-zbrojovka-SA-VZ-58-1-300x200.jpg 300w, https:\/\/studioeditori.com\/mdrus_new\/wp-content\/uploads\/2024\/06\/jurisna-puska-ceska-zbrojovka-SA-VZ-58-1-1024x683.jpg 1024w, https:\/\/studioeditori.com\/mdrus_new\/wp-content\/uploads\/2024\/06\/jurisna-puska-ceska-zbrojovka-SA-VZ-58-1-768x512.jpg 768w, https:\/\/studioeditori.com\/mdrus_new\/wp-content\/uploads\/2024\/06\/jurisna-puska-ceska-zbrojovka-SA-VZ-58-1-1536x1024.jpg 1536w, https:\/\/studioeditori.com\/mdrus_new\/wp-content\/uploads\/2024\/06\/jurisna-puska-ceska-zbrojovka-SA-VZ-58-1-2048x1365.jpg 2048w\" sizes=\"(max-width: 300px) 100vw, 300px\" \/><\/h3><p>Pu\u0161ka koja je bila dio naoru\u017eanja Hrvatske vojske tijekom Domovinskog rata pripadala je Goranu Kli\u0161ki\u0107u, hrvatskom branitelju i zapovjednik diverzantske skupine 4. gardijske brigade OSRH. Proizvedena je 1964. godine, a ina\u010de, ovaj tip juri\u0161ne pu\u0161ke po\u010deo se proizvoditi kasnih pedesetih godina 20. stolje\u0107a pod nazivom 7,62mm samopal vzor 58 (automatska pu\u0161ka model 58). Iako sli\u010dna ruskom AK-47 modelu, radi se o tehnolo\u0161ki sasvim razli\u010ditoj pu\u0161ci. \u010ce\u0161ka pu\u0161ka koristi plinski klip kratkog hoda. Oznaka \u201ev\u201c ozna\u010dava da se radi o modelu s preklopivim metalnim kundakom koji je prvenstveno namijenjen zra\u010dno-desantskim snagama.<\/p><p>\u00a0<\/p><\/td><\/tr><tr><td><br \/><h3>Pi\u0161tolj Tanfoglio Gardone<\/h3><h3><img loading=\"lazy\" decoding=\"async\" class=\"size-medium wp-image-9565 aligncenter\" src=\"https:\/\/studioeditori.com\/mdrus_new\/wp-content\/uploads\/2024\/06\/pistolj-tanfoglio-gardone-002-300x228.jpg\" alt=\"\" width=\"300\" height=\"228\" srcset=\"https:\/\/studioeditori.com\/mdrus_new\/wp-content\/uploads\/2024\/06\/pistolj-tanfoglio-gardone-002-300x228.jpg 300w, https:\/\/studioeditori.com\/mdrus_new\/wp-content\/uploads\/2024\/06\/pistolj-tanfoglio-gardone-002-1024x779.jpg 1024w, https:\/\/studioeditori.com\/mdrus_new\/wp-content\/uploads\/2024\/06\/pistolj-tanfoglio-gardone-002-768x584.jpg 768w, https:\/\/studioeditori.com\/mdrus_new\/wp-content\/uploads\/2024\/06\/pistolj-tanfoglio-gardone-002-1536x1168.jpg 1536w, https:\/\/studioeditori.com\/mdrus_new\/wp-content\/uploads\/2024\/06\/pistolj-tanfoglio-gardone-002-2048x1558.jpg 2048w\" sizes=\"(max-width: 300px) 100vw, 300px\" \/><\/h3><p>Pi\u0161tolj Tanfoglio Gardone kalibra 9mm para pripadao je Goranu Kli\u0161ki\u0107u koji je bio hrvatski branitelj i zapovjednik diverzantske skupine 4. gardijske brigade OSRH. Tvrtka Fratellli Tanfoglio S.P.A. je talijanska tvrtka koja proizvodi vatreno oru\u017eje. Model TZ 75 njihova je kopija \u010de\u0161kog CZ 75, poluautomatskog pi\u0161tolja dvostrukog djelovanja.<\/p><p>\u00a0<\/p><\/td><\/tr><tr><td><br \/><h3>Vojni komplet za jelo s priborom<\/h3><h3><img loading=\"lazy\" decoding=\"async\" class=\"size-medium wp-image-9572 aligncenter\" src=\"https:\/\/studioeditori.com\/mdrus_new\/wp-content\/uploads\/2024\/06\/komplet-za-jelo-300x214.jpg\" alt=\"\" width=\"300\" height=\"214\" srcset=\"https:\/\/studioeditori.com\/mdrus_new\/wp-content\/uploads\/2024\/06\/komplet-za-jelo-300x214.jpg 300w, https:\/\/studioeditori.com\/mdrus_new\/wp-content\/uploads\/2024\/06\/komplet-za-jelo-1024x731.jpg 1024w, https:\/\/studioeditori.com\/mdrus_new\/wp-content\/uploads\/2024\/06\/komplet-za-jelo-768x548.jpg 768w, https:\/\/studioeditori.com\/mdrus_new\/wp-content\/uploads\/2024\/06\/komplet-za-jelo-1536x1096.jpg 1536w, https:\/\/studioeditori.com\/mdrus_new\/wp-content\/uploads\/2024\/06\/komplet-za-jelo-2048x1461.jpg 2048w\" sizes=\"(max-width: 300px) 100vw, 300px\" \/><\/h3><p>Vojni komplet za jelo s priborom koji se koristio u JNA, ali je kori\u0161ten i u Domovinskom ratu. Ovaj vojni komplet koristio je Damir Vladu\u0161i\u0107, pripadnik 141. brigade HV. Komplet se sastoji od pet dijelova koji se uklapaju jedan u drugi (torbica, aluminijska posuda s preklopnom dr\u0161kom, plasti\u010dna \u010dutura za vodu, velika posuda za jelo, mala plasti\u010dna posuda za pi\u0107e) i pribora za jelo od inoxa (vilica, \u017elica i no\u017e s otvara\u010dem za konzerve).<\/p><p>\u00a0<\/p><\/td><\/tr><\/tbody><\/table><h3>\u00a0<\/h3><p>\u00a0<\/p><p>\u00a0<\/p><p>\u00a0<\/p><\/div>\n\t\t\t\t\t\t\t\t\t<div class=\"elementor-tab-title elementor-tab-mobile-title\" aria-selected=\"false\" data-tab=\"2\" role=\"tab\" tabindex=\"-1\" aria-controls=\"elementor-tab-content-1642\" aria-expanded=\"false\">ZBIRKA ODORA I VOJNIH UNIFORMI<\/div>\n\t\t\t\t\t<div id=\"elementor-tab-content-1642\" class=\"elementor-tab-content elementor-clearfix\" data-tab=\"2\" role=\"tabpanel\" aria-labelledby=\"elementor-tab-title-1642\" tabindex=\"0\" hidden=\"hidden\"><p style=\"text-align: justify;\">U fundusu Muzeja Domovinskog rata u Splitu nalazi se bogata zbirka vojnih odora i uniformi. Veliki dio te zbirke prikupljen je putem donacija osoba koje su bili pripadnici Hrvatske vojske te nam svjedo\u010di o ratnom putu osobe koja ju je nosila.<\/p><p style=\"text-align: justify;\">Na po\u010detku Domovinskog rata hrvatski branitelji, osim \u0161to nisu raspolagali zavidnim oru\u017ejem i vojnom opremom, nisu imali ni standardizirane vojne uniforme i obu\u0107u. To se mo\u017ee vidjeti i na maskirnim uniformama iz donacije Kli\u0161ki\u0107. Me\u0111u njima je nekoliko maskirnih majica, ko\u0161ulja, hla\u010da i borbenih prsluka, a na svima je oznaka razli\u010ditog proizvo\u0111a\u010da iz \u010dega se da zaklju\u010diti da se oprema nabavljala na razne na\u010dine i iz razli\u010ditih izvora.<\/p><table><tbody><tr><td><br \/><h3>Maskirna vojna ko\u0161ulja<\/h3><h2><img loading=\"lazy\" decoding=\"async\" class=\"size-medium wp-image-9573 aligncenter\" src=\"https:\/\/studioeditori.com\/mdrus_new\/wp-content\/uploads\/2024\/06\/maskirna-vojna-jakna-kliskic-281x300.jpg\" alt=\"\" width=\"281\" height=\"300\" srcset=\"https:\/\/studioeditori.com\/mdrus_new\/wp-content\/uploads\/2024\/06\/maskirna-vojna-jakna-kliskic-281x300.jpg 281w, https:\/\/studioeditori.com\/mdrus_new\/wp-content\/uploads\/2024\/06\/maskirna-vojna-jakna-kliskic-961x1024.jpg 961w, https:\/\/studioeditori.com\/mdrus_new\/wp-content\/uploads\/2024\/06\/maskirna-vojna-jakna-kliskic-768x818.jpg 768w, https:\/\/studioeditori.com\/mdrus_new\/wp-content\/uploads\/2024\/06\/maskirna-vojna-jakna-kliskic-1441x1536.jpg 1441w, https:\/\/studioeditori.com\/mdrus_new\/wp-content\/uploads\/2024\/06\/maskirna-vojna-jakna-kliskic-1922x2048.jpg 1922w\" sizes=\"(max-width: 281px) 100vw, 281px\" \/><\/h2><p>Maskirna vojna ko\u0161ulja pripadala je Goranu Kli\u0161ki\u0107u. Na ko\u0161ulji nema oznaka, ni etikete proizvo\u0111a\u010da.<\/p><\/td><\/tr><tr><td><h3>Maskirna vojna jakna<\/h3><h2><img loading=\"lazy\" decoding=\"async\" class=\"size-medium wp-image-9568 aligncenter\" src=\"https:\/\/studioeditori.com\/mdrus_new\/wp-content\/uploads\/2024\/06\/JAKNA-krsticevic-50.1-300x187.jpg\" alt=\"\" width=\"300\" height=\"187\" srcset=\"https:\/\/studioeditori.com\/mdrus_new\/wp-content\/uploads\/2024\/06\/JAKNA-krsticevic-50.1-300x187.jpg 300w, https:\/\/studioeditori.com\/mdrus_new\/wp-content\/uploads\/2024\/06\/JAKNA-krsticevic-50.1-1024x640.jpg 1024w, https:\/\/studioeditori.com\/mdrus_new\/wp-content\/uploads\/2024\/06\/JAKNA-krsticevic-50.1-768x480.jpg 768w, https:\/\/studioeditori.com\/mdrus_new\/wp-content\/uploads\/2024\/06\/JAKNA-krsticevic-50.1-1536x960.jpg 1536w, https:\/\/studioeditori.com\/mdrus_new\/wp-content\/uploads\/2024\/06\/JAKNA-krsticevic-50.1-2048x1279.jpg 2048w\" sizes=\"(max-width: 300px) 100vw, 300px\" \/><\/h2><p>Maskirna vojna jakna koja je pripadala generalu \u2013 bojniku Damiru Krsti\u010devi\u0107u koji je tijekom rata bio zapovjednik 115. brigade Hrvatske vojske (tzv. Imotske) i zapovjednik 4. gardijske brigade. Na desnoj strani jakne nalazi se oznaka 4. gardijske brigade, a na lijevoj oznaka Hrvatske vojske. Jakna je proizvedena u Knoxvilleu, u ameri\u010dkoj saveznoj dr\u017eavi Tennessee.<\/p><\/td><\/tr><tr><td><br \/><h3>Maskirna vojna ko\u0161ulja<\/h3><h3><img loading=\"lazy\" decoding=\"async\" class=\"size-medium wp-image-9569 aligncenter\" src=\"https:\/\/studioeditori.com\/mdrus_new\/wp-content\/uploads\/2024\/06\/jakna-Vladusic-277x300.jpg\" alt=\"\" width=\"277\" height=\"300\" srcset=\"https:\/\/studioeditori.com\/mdrus_new\/wp-content\/uploads\/2024\/06\/jakna-Vladusic-277x300.jpg 277w, https:\/\/studioeditori.com\/mdrus_new\/wp-content\/uploads\/2024\/06\/jakna-Vladusic-945x1024.jpg 945w, https:\/\/studioeditori.com\/mdrus_new\/wp-content\/uploads\/2024\/06\/jakna-Vladusic-768x832.jpg 768w, https:\/\/studioeditori.com\/mdrus_new\/wp-content\/uploads\/2024\/06\/jakna-Vladusic-1418x1536.jpg 1418w, https:\/\/studioeditori.com\/mdrus_new\/wp-content\/uploads\/2024\/06\/jakna-Vladusic-1890x2048.jpg 1890w\" sizes=\"(max-width: 277px) 100vw, 277px\" \/><\/h3><p>Maskirna vojna jakna koju je donirao Damir Vladu\u0161i\u0107, pripadnik 141. brigade. Ona je dio uniforme u kojoj je ranjen 13.8.1995. godine kod Vidovi\u0107a glave. Na lijevom rukavu nalazi se grb i oznaka Hrvatske vojske.<\/p><\/td><\/tr><tr><td><br \/><h3>\u010casni\u010dka kapa<\/h3><h3><img loading=\"lazy\" decoding=\"async\" class=\"size-medium wp-image-9571 aligncenter\" src=\"https:\/\/studioeditori.com\/mdrus_new\/wp-content\/uploads\/2024\/06\/kapa-Simac-300x215.jpg\" alt=\"\" width=\"300\" height=\"215\" srcset=\"https:\/\/studioeditori.com\/mdrus_new\/wp-content\/uploads\/2024\/06\/kapa-Simac-300x215.jpg 300w, https:\/\/studioeditori.com\/mdrus_new\/wp-content\/uploads\/2024\/06\/kapa-Simac-1024x733.jpg 1024w, https:\/\/studioeditori.com\/mdrus_new\/wp-content\/uploads\/2024\/06\/kapa-Simac-768x550.jpg 768w, https:\/\/studioeditori.com\/mdrus_new\/wp-content\/uploads\/2024\/06\/kapa-Simac-1536x1100.jpg 1536w, https:\/\/studioeditori.com\/mdrus_new\/wp-content\/uploads\/2024\/06\/kapa-Simac-2048x1467.jpg 2048w\" sizes=\"(max-width: 300px) 100vw, 300px\" \/><\/h3><p>\u010casni\u010dka kapa koja je pripadala Petru \u0160imcu, prvom zapovjedniku Zapovjedni\u0161tva za obranu sjeverne i srednje Dalmacije. Kapa je crne boje, na njoj se isti\u010de grb Hrvatske kopnene vojske te ima oznaku vi\u0161eg \u010dasnika. Proizvela ju je tvrtka \u201e\u0160e\u0161ir\u201c iz Zagreba.<\/p><\/td><\/tr><\/tbody><\/table><p>\u00a0<\/p><\/div>\n\t\t\t\t\t\t\t\t\t<div class=\"elementor-tab-title elementor-tab-mobile-title\" aria-selected=\"false\" data-tab=\"3\" role=\"tab\" tabindex=\"-1\" aria-controls=\"elementor-tab-content-1643\" aria-expanded=\"false\">ZBIRKA VOJNIH OZNAKA I ZASTAVA<\/div>\n\t\t\t\t\t<div id=\"elementor-tab-content-1643\" class=\"elementor-tab-content elementor-clearfix\" data-tab=\"3\" role=\"tabpanel\" aria-labelledby=\"elementor-tab-title-1643\" tabindex=\"0\" hidden=\"hidden\"><p style=\"text-align: justify;\">Vojne oznake postrojbi slu\u017ee kao sustav raspoznavanja me\u0111u vojnicima i pokazatelj su pripadnosti odre\u0111enoj postrojbi. U Domovinskom ratu one su se razvijale postepeno na na\u010din da su branitelji najprije sami po\u010deli izra\u0111ivati razne oznake svojih postrojbi. U po\u010detku su to bile neslu\u017ebene oznake ili ru\u010dno ra\u0111ene oznake koje su izra\u0111ivale supruge i majke branitelja te \u010dasne sestre. Kasnije su neke od tih oznaka slu\u017ebeno prihva\u0107ene.<\/p><p>\u00a0<\/p><table><tbody><tr><td><br \/><h3>Narukavna oznaka \u201eZNG 4. brigada\u201c<\/h3><h3><img loading=\"lazy\" decoding=\"async\" class=\"size-medium wp-image-9561 aligncenter\" src=\"https:\/\/studioeditori.com\/mdrus_new\/wp-content\/uploads\/2024\/06\/oznaka-4.-gardijska-263x300.jpg\" alt=\"\" width=\"263\" height=\"300\" srcset=\"https:\/\/studioeditori.com\/mdrus_new\/wp-content\/uploads\/2024\/06\/oznaka-4.-gardijska-263x300.jpg 263w, https:\/\/studioeditori.com\/mdrus_new\/wp-content\/uploads\/2024\/06\/oznaka-4.-gardijska-899x1024.jpg 899w, https:\/\/studioeditori.com\/mdrus_new\/wp-content\/uploads\/2024\/06\/oznaka-4.-gardijska-768x875.jpg 768w, https:\/\/studioeditori.com\/mdrus_new\/wp-content\/uploads\/2024\/06\/oznaka-4.-gardijska-1348x1536.jpg 1348w, https:\/\/studioeditori.com\/mdrus_new\/wp-content\/uploads\/2024\/06\/oznaka-4.-gardijska-1797x2048.jpg 1797w, https:\/\/studioeditori.com\/mdrus_new\/wp-content\/uploads\/2024\/06\/oznaka-4.-gardijska.jpg 1936w\" sizes=\"(max-width: 263px) 100vw, 263px\" \/><\/h3><p>Narukavna oznaka \u201eZNG 4. brigada\u201c na kojoj su u sredi\u0161tu prikazana tri lava (simbol Dalmacije) od kojih svaki dr\u017ei ma\u010d. Oni su uklju\u010deni kao glavni element znaka postrojbe zato \u0161to se brigada mobilizirala na \u0161irem podru\u010dju Splita. Lavovi kora\u010daju jedan prema drugom \u0161to simbolizira zajedni\u0161tvo, a njihovi uzdignuti ma\u010devi simbol su aktivne obrane. Ispod njih se nalazi hrvatski grb (\u0161ahovnica) i latinski natpis: IN HOC SIGNO VINCES, ispisan na vrpci.<\/p><\/td><\/tr><tr><td><br \/><h3>Narukavna oznaka \u201e4. gardijska brigada Pauci\u201c<\/h3><h3><img loading=\"lazy\" decoding=\"async\" class=\"size-medium wp-image-9560 aligncenter\" src=\"https:\/\/studioeditori.com\/mdrus_new\/wp-content\/uploads\/2024\/06\/oznaka-4-gardijska-pauci-257x300.jpg\" alt=\"\" width=\"257\" height=\"300\" srcset=\"https:\/\/studioeditori.com\/mdrus_new\/wp-content\/uploads\/2024\/06\/oznaka-4-gardijska-pauci-257x300.jpg 257w, https:\/\/studioeditori.com\/mdrus_new\/wp-content\/uploads\/2024\/06\/oznaka-4-gardijska-pauci-876x1024.jpg 876w, https:\/\/studioeditori.com\/mdrus_new\/wp-content\/uploads\/2024\/06\/oznaka-4-gardijska-pauci-768x898.jpg 768w, https:\/\/studioeditori.com\/mdrus_new\/wp-content\/uploads\/2024\/06\/oznaka-4-gardijska-pauci-1314x1536.jpg 1314w, https:\/\/studioeditori.com\/mdrus_new\/wp-content\/uploads\/2024\/06\/oznaka-4-gardijska-pauci.jpg 1642w\" sizes=\"(max-width: 257px) 100vw, 257px\" \/><\/h3><p>Narukavna oznaka \u201e4. gardijska brigada Pauci\u201c koja predstavlja evoluciju prethodne oznake iz 1991. godine. Na njoj se prikaz lava nalazi na paukovoj mre\u017ei koja je dodana na grb 1995. godine u \u010dast poginulom zapovjedniku oklopne bojne 4. gardijske brigade, Andriji Matija\u0161u Pauku po kojem je brigada i dobila nadimak \u201ePauci\u201c.<\/p><\/td><\/tr><tr><td><br \/><h3>Oznaka Zbora narodne garde<\/h3><h3><img loading=\"lazy\" decoding=\"async\" class=\"size-medium wp-image-9562 aligncenter\" src=\"https:\/\/studioeditori.com\/mdrus_new\/wp-content\/uploads\/2024\/06\/oznaka-ZNG-227x300.jpg\" alt=\"\" width=\"227\" height=\"300\" srcset=\"https:\/\/studioeditori.com\/mdrus_new\/wp-content\/uploads\/2024\/06\/oznaka-ZNG-227x300.jpg 227w, https:\/\/studioeditori.com\/mdrus_new\/wp-content\/uploads\/2024\/06\/oznaka-ZNG-774x1024.jpg 774w, https:\/\/studioeditori.com\/mdrus_new\/wp-content\/uploads\/2024\/06\/oznaka-ZNG-768x1017.jpg 768w, https:\/\/studioeditori.com\/mdrus_new\/wp-content\/uploads\/2024\/06\/oznaka-ZNG-1160x1536.jpg 1160w, https:\/\/studioeditori.com\/mdrus_new\/wp-content\/uploads\/2024\/06\/oznaka-ZNG-1547x2048.jpg 1547w, https:\/\/studioeditori.com\/mdrus_new\/wp-content\/uploads\/2024\/06\/oznaka-ZNG.jpg 1675w\" sizes=\"(max-width: 227px) 100vw, 227px\" \/><\/h3><p>Oznaka Zbora narodne garde Republike Hrvatske nastala 1991. godine u Zagrebu. Na maslinastoj pozadini nalazi se hrvatski grb uokviren zlatnim pleterom. Ispod grba nalaze se dvije ukr\u0161tene pu\u0161ke i natpis \u201eZNG RH\u201c.<\/p><\/td><\/tr><\/tbody><\/table><\/div>\n\t\t\t\t\t\t\t\t\t<div class=\"elementor-tab-title elementor-tab-mobile-title\" aria-selected=\"false\" data-tab=\"4\" role=\"tab\" tabindex=\"-1\" aria-controls=\"elementor-tab-content-1644\" aria-expanded=\"false\">ZBIRKA BRODOSPLIT<\/div>\n\t\t\t\t\t<div id=\"elementor-tab-content-1644\" class=\"elementor-tab-content elementor-clearfix\" data-tab=\"4\" role=\"tabpanel\" aria-labelledby=\"elementor-tab-title-1644\" tabindex=\"0\" hidden=\"hidden\"><p style=\"text-align: justify;\">Budu\u0107i da je u prolje\u0107e 1991. godine postalo jasno da se sprema oru\u017eana agresija na Hrvatsku te da \u0107e biti prijeko potrebno naoru\u017eati i stvoriti Hrvatsku vojsku, u Brodosplitu je pokrenuta inicijativa da se formira tim koji \u0107e raditi na konstruiranju i proizvodnji naoru\u017eanja za hrvatske dragovoljce. Tako je u splitskom \u0161kveru formiran tim zadu\u017een za izradu minsko-eksplozivnih sredstava i oklopnih vozila, a dobio je ime PGB tim (po po\u010detnim slovima imena in\u017eenjera i pirotehni\u010dara koji su ga \u010dinili &#8211; Pavle Ka\u0107anski, Goran Belas i Boris Bili\u0107). Pred njima se nalazio velik izazov \u2013 imali su skromno vojno znanje i ograni\u010dene koli\u010dine sirovina i materijala te su u hodu u\u010dili i improvizirali kako bi na prve crte boji\u0161ta isporu\u010dili kvalitetne proizvode. Zajedno s ostalim \u0161kverskim radnicima, od po\u010detka proizvodnje 1991. pa sve do svibnja 1995. godine, izradili su velik broj ru\u010dnih bombi i drugog naoru\u017eanja. To je za hrvatske branitelje koji su u Domovinski rat u\u0161li sa skromnim naoru\u017eanjem i vojnom tehnikom bilo od velikog zna\u010daja ponajvi\u0161e jer je pridonijelo dizanju morala i \u0161irenju optimizma.<\/p><p>\u00a0<\/p><table><tbody><tr><td><br \/><h3>Ru\u010dna bomba \u201e\u0160kveranka\u201c \u2013 prvi model<\/h3><h3><img loading=\"lazy\" decoding=\"async\" class=\"size-medium wp-image-9563 aligncenter\" src=\"https:\/\/studioeditori.com\/mdrus_new\/wp-content\/uploads\/2024\/06\/PGB.RB_.01-SKVERANKA-2-200x300.jpg\" alt=\"\" width=\"200\" height=\"300\" srcset=\"https:\/\/studioeditori.com\/mdrus_new\/wp-content\/uploads\/2024\/06\/PGB.RB_.01-SKVERANKA-2-200x300.jpg 200w, https:\/\/studioeditori.com\/mdrus_new\/wp-content\/uploads\/2024\/06\/PGB.RB_.01-SKVERANKA-2-683x1024.jpg 683w, https:\/\/studioeditori.com\/mdrus_new\/wp-content\/uploads\/2024\/06\/PGB.RB_.01-SKVERANKA-2-768x1152.jpg 768w, https:\/\/studioeditori.com\/mdrus_new\/wp-content\/uploads\/2024\/06\/PGB.RB_.01-SKVERANKA-2-1024x1536.jpg 1024w, https:\/\/studioeditori.com\/mdrus_new\/wp-content\/uploads\/2024\/06\/PGB.RB_.01-SKVERANKA-2-1365x2048.jpg 1365w, https:\/\/studioeditori.com\/mdrus_new\/wp-content\/uploads\/2024\/06\/PGB.RB_.01-SKVERANKA-2-scaled.jpg 1707w\" sizes=\"(max-width: 200px) 100vw, 200px\" \/><\/h3><p>Prvi model ru\u010dne bombe \u201e\u0160kveranke\u201c PGB.RB.01 bio je najve\u0107ih dimenzija i imao je ru\u010dni fitilj. U po\u010detku su se \u201e\u0160kveranke\u201c punile privrednim eksplozivom amonalom, dok je kasnije kori\u0161ten trotil, zbog stabilnosti i ve\u0107e razorne mo\u0107i. Izra\u0111ivale su se po zadanom nacrtu PGB tima od termi\u010dki obra\u0111enog \u010delika na CNC stroju. Modeli s ru\u010dnim fitiljem te\u017eili su oko 1,5 kg i bili su velikih dimenzija \u0161to ih je \u010dinilo neprakti\u010dnima za upotrebu na boji\u0161tu. Budu\u0107i da je zbog te\u017eine nije bilo mogu\u0107e baciti na veliku udaljenost, bomba je predstavljala opasnost ne samo za neprijatelja, ve\u0107 i za onoga tko je koristi.<\/p><\/td><\/tr><tr><td><br \/><h3>Ru\u010dna bomba \u201e\u0160kveranka\u201c \u2013 drugi model<\/h3><h3><img loading=\"lazy\" decoding=\"async\" class=\"size-medium wp-image-9564 aligncenter\" src=\"https:\/\/studioeditori.com\/mdrus_new\/wp-content\/uploads\/2024\/06\/PGB.RB_.02-SKVERANKA-2-300x298.jpg\" alt=\"\" width=\"300\" height=\"298\" srcset=\"https:\/\/studioeditori.com\/mdrus_new\/wp-content\/uploads\/2024\/06\/PGB.RB_.02-SKVERANKA-2-300x298.jpg 300w, https:\/\/studioeditori.com\/mdrus_new\/wp-content\/uploads\/2024\/06\/PGB.RB_.02-SKVERANKA-2-1024x1017.jpg 1024w, https:\/\/studioeditori.com\/mdrus_new\/wp-content\/uploads\/2024\/06\/PGB.RB_.02-SKVERANKA-2-150x150.jpg 150w, https:\/\/studioeditori.com\/mdrus_new\/wp-content\/uploads\/2024\/06\/PGB.RB_.02-SKVERANKA-2-768x763.jpg 768w, https:\/\/studioeditori.com\/mdrus_new\/wp-content\/uploads\/2024\/06\/PGB.RB_.02-SKVERANKA-2-1536x1525.jpg 1536w, https:\/\/studioeditori.com\/mdrus_new\/wp-content\/uploads\/2024\/06\/PGB.RB_.02-SKVERANKA-2-2048x2033.jpg 2048w\" sizes=\"(max-width: 300px) 100vw, 300px\" \/><\/h3><p>Uvidjev\u0161i nedostatke prvog modela PGB.RB.01 PGB, PGB tim je pristupio konstrukciji modela PGB.RB.02. Ovaj model sastojao se od istih dijelova kao i model PGB.RB.01 \u2013 eksplozivno punjenje unutar \u010deli\u010dne ko\u0161uljice, gornjeg i donjeg \u010depa te sklopa upalja\u010da. Razlika je bila u dimenzijama, te\u017eini i vrsti upalja\u010da. \u201e\u0160kveranka\u201c modela PGB.RB.02 bila je manja, lak\u0161a, imala je klasi\u010dni upalja\u010d i punjenje od trotila. \u201e\u0160kveranke\u201c su, kao i svi ostali proizvodi napravljeni tada u Brodosplitu, testirane po strogim NATO standardima. Testirane su na tre\u0161nju, vlagu, temperature od -50 do 56 \u00b0C te pad s visine od 2 metra.<\/p><\/td><\/tr><tr><td><br \/><h3>Fragmentacija ru\u010dnih bombi PGB<\/h3><h3><img loading=\"lazy\" decoding=\"async\" class=\"size-medium wp-image-9567 aligncenter\" src=\"https:\/\/studioeditori.com\/mdrus_new\/wp-content\/uploads\/2024\/06\/Fragmentacija-rucnih-bombi-PGB-300x214.jpg\" alt=\"\" width=\"300\" height=\"214\" srcset=\"https:\/\/studioeditori.com\/mdrus_new\/wp-content\/uploads\/2024\/06\/Fragmentacija-rucnih-bombi-PGB-300x214.jpg 300w, https:\/\/studioeditori.com\/mdrus_new\/wp-content\/uploads\/2024\/06\/Fragmentacija-rucnih-bombi-PGB-1024x731.jpg 1024w, https:\/\/studioeditori.com\/mdrus_new\/wp-content\/uploads\/2024\/06\/Fragmentacija-rucnih-bombi-PGB-768x548.jpg 768w, https:\/\/studioeditori.com\/mdrus_new\/wp-content\/uploads\/2024\/06\/Fragmentacija-rucnih-bombi-PGB-1536x1097.jpg 1536w, https:\/\/studioeditori.com\/mdrus_new\/wp-content\/uploads\/2024\/06\/Fragmentacija-rucnih-bombi-PGB-2048x1462.jpg 2048w\" sizes=\"(max-width: 300px) 100vw, 300px\" \/><\/h3><p>Fragmentacija ru\u010dnih bombi PGB dio je naoru\u017eanja koje je devedesetih godina 20. stolje\u0107a izra\u0111eno u splitskom \u0161kveru za potrebe ZNG-a, odnosno Hrvatske vojske u Domovinskom ratu. PGB ru\u010dne bombe testirane su na tre\u0161nju, vlagu, temperature od -50 do 56\u00b0C te pad s visine od 2 metra. PGB je provodio i test u\u010dinkovitosti, odnosno proboja \u201e\u0160kveranke\u201c. Nakon eksplozije PGB tim je izbrojao proboje na svakoj \u010detvrtini kru\u017enice i ustanovio da proboj u 3. i 4. sektoru iznosi 60-65% dok su uvjeti po NATO standardima za te udaljenosti bili 22-25% proboja. Komadi\u0107i eksplodiranih bombi zalijepljeni su na kartonski papir kako bi se prikazala njihova u\u010dinkovitost, a na njemu su i ru\u010dno ispisani podaci ispitivanja.<\/p><\/td><\/tr><\/tbody><\/table><\/div>\n\t\t\t\t\t\t\t<\/div>\n\t\t<\/div>\n\t\t\t\t<\/div>\n\t\t\t\t<\/div>\n\t\t\t\t\t<\/div>\n\t\t\t\t<\/div>\n\t\t\t\t<\/div>\n\t\t","protected":false},"excerpt":{"rendered":"<p>Muzej od svog osnutka sustavno radi na prikupljanju i obradi muzejske gra\u0111e. Ona je najve\u0107im dijelom prikupljena putem donacija od kojih je prva zaprimljena 2015. godine od obitelji Kli\u0161ki\u0107. Zaprimljeni predmeti se nakon obrade i za\u0161tite zbog svoje tematske raznolikosti i brojnosti raspore\u0111uju u zbirke. Dolaskom novih predmeta, postoje\u0107e se zbirke popunjavaju i uspostavljaju se [&hellip;]<\/p>\n","protected":false},"author":1,"featured_media":0,"parent":0,"menu_order":0,"comment_status":"closed","ping_status":"closed","template":"","meta":{"footnotes":""},"class_list":["post-9553","page","type-page","status-publish","hentry"],"_links":{"self":[{"href":"https:\/\/studioeditori.com\/mdrus_new\/wp-json\/wp\/v2\/pages\/9553","targetHints":{"allow":["GET"]}}],"collection":[{"href":"https:\/\/studioeditori.com\/mdrus_new\/wp-json\/wp\/v2\/pages"}],"about":[{"href":"https:\/\/studioeditori.com\/mdrus_new\/wp-json\/wp\/v2\/types\/page"}],"author":[{"embeddable":true,"href":"https:\/\/studioeditori.com\/mdrus_new\/wp-json\/wp\/v2\/users\/1"}],"replies":[{"embeddable":true,"href":"https:\/\/studioeditori.com\/mdrus_new\/wp-json\/wp\/v2\/comments?post=9553"}],"version-history":[{"count":71,"href":"https:\/\/studioeditori.com\/mdrus_new\/wp-json\/wp\/v2\/pages\/9553\/revisions"}],"predecessor-version":[{"id":10970,"href":"https:\/\/studioeditori.com\/mdrus_new\/wp-json\/wp\/v2\/pages\/9553\/revisions\/10970"}],"wp:attachment":[{"href":"https:\/\/studioeditori.com\/mdrus_new\/wp-json\/wp\/v2\/media?parent=9553"}],"curies":[{"name":"wp","href":"https:\/\/api.w.org\/{rel}","templated":true}]}}